{"id":3003,"date":"2025-04-09T09:32:58","date_gmt":"2025-04-09T07:32:58","guid":{"rendered":"https:\/\/dev.ferienhaus-feldberg.net\/foret-noire-villas-avec-chien\/"},"modified":"2025-12-28T16:30:39","modified_gmt":"2025-12-28T15:30:39","slug":"foret-noire-villas-avec-chien","status":"publish","type":"page","link":"https:\/\/ferienhaus-feldberg.net\/fr\/foret-noire-villas-avec-chien\/","title":{"rendered":"For\u00eat-Noire Villas avec chien"},"content":{"rendered":"<p><div class=\"fusion-fullwidth fullwidth-box fusion-builder-row-1 nonhundred-percent-fullwidth non-hundred-percent-height-scrolling\" style=\"--awb-border-radius-top-left:0px;--awb-border-radius-top-right:0px;--awb-border-radius-bottom-right:0px;--awb-border-radius-bottom-left:0px;--awb-flex-wrap:wrap;\" ><div class=\"fusion-builder-row fusion-row\"><div class=\"fusion-layout-column fusion_builder_column fusion-builder-column-0 fusion_builder_column_1_1 1_1 fusion-one-full fusion-column-first fusion-column-last\" style=\"--awb-bg-position:right bottom;--awb-bg-blend:overlay;--awb-bg-size:cover;\"><div class=\"fusion-column-wrapper fusion-flex-column-wrapper-legacy\"><div class=\"fusion-image-element fusion-image-align-center in-legacy-container\" style=\"text-align:center;--awb-caption-title-font-family:var(--h2_typography-font-family);--awb-caption-title-font-weight:var(--h2_typography-font-weight);--awb-caption-title-font-style:var(--h2_typography-font-style);--awb-caption-title-size:var(--h2_typography-font-size);--awb-caption-title-transform:var(--h2_typography-text-transform);--awb-caption-title-line-height:var(--h2_typography-line-height);--awb-caption-title-letter-spacing:var(--h2_typography-letter-spacing);\"><div class=\"imageframe-align-center\"><span class=\" fusion-imageframe imageframe-none imageframe-1 hover-type-none\"><img decoding=\"async\" width=\"108\" height=\"206\" title=\"arbre\" src=\"https:\/\/ferienhaus-feldberg.net\/wp-content\/uploads\/2020\/02\/baum.png\" alt class=\"img-responsive wp-image-3005\"\/><\/span><\/div><\/div><div class=\"fusion-text fusion-text-1\"><p style=\"letter-spacing: 4px; font-size: 13px; margin-bottom: 0px; text-align: center;\">Une pause de r\u00eave avec votre compagnon \u00e0 quatre pattes<\/p>\n<h1 style=\"font-size: 36px; text-align: center;\" data-fontsize=\"46\" data-lineheight=\"51\" data-fusion-font=\"true\"><span style=\"color: #603813;\">Villas en For\u00eat-Noire pour les vacances avec un chien<\/span><\/h1>\n<\/div><div class=\"fusion-sep-clear\"><\/div><div class=\"fusion-separator\" style=\"margin-left: auto;margin-right: auto;margin-top:0px;margin-bottom:20px;width:100%;max-width:50px;\"><div class=\"fusion-separator-border sep-single sep-solid\" style=\"--awb-height:20px;--awb-amount:20px;--awb-sep-color:#cbaa5c;border-color:#cbaa5c;border-top-width:1px;\"><\/div><\/div><div class=\"fusion-sep-clear\"><\/div><div class=\"fusion-text fusion-text-2 awb-text-cols fusion-text-columns-2 fusion-no-small-visibility\" style=\"--awb-columns:2;--awb-column-spacing:2em;--awb-column-min-width:100px;\"><p><strong>Profitez d&rsquo;un s\u00e9jour de r\u00eave dans une maison de vacances en For\u00eat-Noire avec votre chien - bienvenue dans nos chalets en bois rond adapt\u00e9s aux chiens sur le Feldberg.<\/strong><\/p>\n<p>Un s\u00e9jour dans l&rsquo;une de nos maisons de vacances sur le Feldberg avec votre ami \u00e0 quatre pattes signifie chez nous : beaucoup d&rsquo;espace, beaucoup de nature et les chiens sont express\u00e9ment autoris\u00e9s. Nos trois maisons en rondins sont am\u00e9nag\u00e9es pour les chiens et se trouvent dans un endroit calme. <\/p>\n<p>Chaque maison offre sur deux niveaux de vie tout ce qui rend le s\u00e9jour agr\u00e9able : po\u00eale, chauffage au sol, sauna, cuisine moderne, chambres confortables, terrasse avec vue sur les Alpes par beau temps et beaucoup d&rsquo;espace pour se d\u00e9tendre - \u00e0 l&rsquo;int\u00e9rieur comme \u00e0 l&rsquo;ext\u00e9rieur.<\/p>\n<p>De magnifiques randonn\u00e9es \u00e0 travers la For\u00eat-Noire commencent juste devant la porte de la maison. Ici, votre chien peut renifler, courir, d\u00e9couvrir - tandis que son ma\u00eetre profite du calme et de la vue.<\/p>\n<\/div><div class=\"fusion-text fusion-text-3 fusion-no-medium-visibility fusion-no-large-visibility\"><h2>Vacances avec un chien dans une maison de vacances de la For\u00eat-Noire - la nature \u00e0 l&rsquo;\u00e9tat pur, sans aucun compromis<\/h2>\n<p>Louez chez nous une maison de vacances en For\u00eat-Noire avec votre chien - le choix parfait pour tous ceux qui veulent profiter de la nature, du calme et du temps pass\u00e9 avec leur compagnon \u00e0 quatre pattes. La For\u00eat-Noire est l&rsquo;une des destinations les plus populaires pour les propri\u00e9taires de chiens, et ce pour une bonne raison. Ceux qui voyagent avec leur chien recherchent souvent ce qui est disponible en abondance chez nous : des paysages magnifiques, de grands chemins, de l&rsquo;air frais et peu de circulation. Qu&rsquo;il s&rsquo;agisse d&rsquo;un labrador, d&rsquo;un teckel, d&rsquo;un berger allemand ou d&rsquo;un b\u00e2tard, toutes les races de chiens se sentent bien en vacances en For\u00eat-Noire. Le paysage vari\u00e9 offre une multitude d&rsquo;attraits pour les flairer, beaucoup d&rsquo;espace pour se d\u00e9fouler et d&rsquo;innombrables possibilit\u00e9s d&rsquo;aventures communes.    <\/p>\n<p>Des sentiers de promenade et de randonn\u00e9e commencent directement devant la porte de nos maisons de vacances accueillantes pour les chiens sur le Feldberg. Beaucoup d&rsquo;entre eux sont adapt\u00e9s aux chiens \u00e2g\u00e9s ou handicap\u00e9s. En chemin, vous trouverez de petits ruisseaux pour vous abreuver, des endroits ombrag\u00e9s pour vous reposer et toujours de nouvelles odeurs \u00e0 d\u00e9couvrir. Si vous avez un chien actif, vous pouvez le d\u00e9penser sur de longues randonn\u00e9es. Ceux qui pr\u00e9f\u00e8rent le calme trouveront des circuits courts et des sentiers tranquilles.    <\/p>\n<p>La r\u00e9gion est \u00e9galement id\u00e9ale pour les propri\u00e9taires de chiens : il existe de nombreuses destinations o\u00f9 les chiens sont les bienvenus, qu&rsquo;il s&rsquo;agisse de parcs naturels, de points de vue ou de refuges de montagne. Dans de nombreuses auberges et brasseries en plein air, une gamelle d&rsquo;eau fra\u00eeche est de rigueur. Les v\u00e9t\u00e9rinaires et les salons de toilettage pour chiens sont \u00e9galement \u00e0 proximit\u00e9, au cas o\u00f9 il arriverait quelque chose.<\/p>\n<\/div><div class=\"fusion-clearfix\"><\/div><\/div><\/div><div class=\"fusion-layout-column fusion_builder_column fusion-builder-column-1 fusion_builder_column_1_1 1_1 fusion-one-full fusion-column-first fusion-column-last\" style=\"--awb-bg-size:cover;\"><div class=\"fusion-column-wrapper fusion-column-has-shadow fusion-flex-column-wrapper-legacy\"><div class=\"fusion-clearfix\"><\/div><\/div><\/div><\/div><\/div><div class=\"fusion-fullwidth fullwidth-box fusion-builder-row-2 fusion-parallax-none nonhundred-percent-fullwidth non-hundred-percent-height-scrolling fusion-equal-height-columns\" style=\"--awb-background-position:center top;--awb-border-sizes-top:0px;--awb-border-sizes-bottom:0px;--awb-border-sizes-left:0px;--awb-border-sizes-right:0px;--awb-border-radius-top-left:0px;--awb-border-radius-top-right:0px;--awb-border-radius-bottom-right:0px;--awb-border-radius-bottom-left:0px;--awb-padding-top:0px;--awb-padding-bottom:100px;--awb-background-color:#f4f6f8;--awb-background-image:url(&quot;https:\/\/ferienhaus-feldberg.net\/wp-content\/uploads\/2020\/01\/wald2.jpg&quot;);--awb-background-size:cover;--awb-flex-wrap:wrap;\" ><div class=\"fusion-builder-row fusion-row\"><div class=\"fusion-layout-column fusion_builder_column fusion-builder-column-2 fusion_builder_column_1_1 1_1 fusion-one-full fusion-column-first fusion-column-last fusion-column-no-min-height\" style=\"--awb-bg-size:cover;--awb-margin-top:25px;--awb-margin-bottom:0px;\"><div class=\"fusion-column-wrapper fusion-column-has-shadow fusion-flex-column-wrapper-legacy\"><div class=\"fusion-image-element fusion-image-align-center in-legacy-container\" style=\"text-align:center;--awb-caption-title-font-family:var(--h2_typography-font-family);--awb-caption-title-font-weight:var(--h2_typography-font-weight);--awb-caption-title-font-style:var(--h2_typography-font-style);--awb-caption-title-size:var(--h2_typography-font-size);--awb-caption-title-transform:var(--h2_typography-text-transform);--awb-caption-title-line-height:var(--h2_typography-line-height);--awb-caption-title-letter-spacing:var(--h2_typography-letter-spacing);\"><div class=\"imageframe-align-center\"><span class=\" fusion-imageframe imageframe-none imageframe-2 hover-type-none\"><img decoding=\"async\" width=\"107\" height=\"168\" title=\"arbre_blanc_2\" src=\"https:\/\/ferienhaus-feldberg.net\/wp-content\/uploads\/2020\/01\/baum_weiss_2.png\" alt class=\"img-responsive wp-image-2874\"\/><\/span><\/div><\/div><div class=\"fusion-sep-clear\"><\/div><div class=\"fusion-separator fusion-full-width-sep\" style=\"margin-left: auto;margin-right: auto;margin-top:25px;width:100%;\"><\/div><div class=\"fusion-sep-clear\"><\/div><div class=\"fusion-clearfix\"><\/div><\/div><\/div><div class=\"fusion-layout-column fusion_builder_column fusion-builder-column-3 fusion_builder_column_1_1 1_1 fusion-one-full fusion-column-first fusion-column-last fusion-column-no-min-height\" style=\"--awb-bg-blend:overlay;--awb-bg-size:cover;--awb-margin-bottom:0px;\"><div class=\"fusion-column-wrapper fusion-flex-column-wrapper-legacy\"><div class=\"fusion-text fusion-text-4\"><h1 style=\"text-align: center;\" data-fontsize=\"46\" data-lineheight=\"51\">R\u00e9servez vos vacances avec votre chien dans le Chalet Confort <br class=\"clear\">au sommet de la For\u00eat Noire<\/h1>\n<\/div><div class=\"fusion-sep-clear\"><\/div><div class=\"fusion-separator\" style=\"margin-left: auto;margin-right: auto;margin-top:0px;margin-bottom:60px;width:100%;max-width:50px;\"><div class=\"fusion-separator-border sep-single sep-solid\" style=\"--awb-height:20px;--awb-amount:20px;--awb-sep-color:#cbaa5c;border-color:#cbaa5c;border-top-width:1px;\"><\/div><\/div><div class=\"fusion-sep-clear\"><\/div><div class=\"fusion-clearfix\"><\/div><\/div><\/div><div class=\"fusion-layout-column fusion_builder_column fusion-builder-column-4 fusion_builder_column_1_3 1_3 fusion-one-third fusion-column-first\" style=\"--awb-padding-top:260px;--awb-padding-right:40px;--awb-padding-left:40px;--awb-bg-color:#ffffff;--awb-bg-color-hover:#ffffff;--awb-bg-image:url(&#039;https:\/\/ferienhaus-feldberg.net\/wp-content\/uploads\/2020\/02\/buchen.jpg&#039;);--awb-bg-position:center top;--awb-bg-size:cover;width:30.6666%; margin-right: 4%;\"><div class=\"fusion-column-wrapper fusion-flex-column-wrapper-legacy fusion-column-has-bg-image\" data-bg-url=\"https:\/\/ferienhaus-feldberg.net\/wp-content\/uploads\/2020\/02\/buchen.jpg\"><div class=\"fusion-content-boxes content-boxes columns row fusion-columns-1 fusion-columns-total-1 fusion-content-boxes-1 content-boxes-icon-on-top content-left\" style=\"--awb-backgroundcolor:rgba(255,255,255,0.88);--awb-margin-bottom:0px;--awb-hover-accent-color:#cbaa5c;--awb-circle-hover-accent-color:#cbaa5c;--awb-item-margin-bottom:40px;\" data-animationOffset=\"top-into-view\"><div style=\"--awb-backgroundcolor:rgba(255,255,255,0.88);\" class=\"fusion-column content-box-column content-box-column content-box-column-1 col-lg-12 col-md-12 col-sm-12 fusion-content-box-hover content-box-column-last content-box-column-last-in-row\"><div class=\"col content-box-wrapper content-wrapper-background link-area-box icon-hover-animation-pulsate\" data-animationOffset=\"top-into-view\"><div class=\"heading icon-left\"><h2 class=\"content-box-heading fusion-responsive-typography-calculated\" style=\"--h2_typography-font-size:20px;--fontSize:20;line-height:1.69;\">Maison de vacances<br \/>\nFeldberg<\/h2><\/div><div class=\"fusion-clearfix\"><\/div><div class=\"content-container\">\n<div class=\"fusion-sep-clear\"><\/div><div class=\"fusion-separator\" style=\"margin-left: auto;margin-right: auto;margin-top:10px;margin-bottom:20px;width:100%;max-width:50px;\"><div class=\"fusion-separator-border sep-single sep-solid\" style=\"--awb-height:20px;--awb-amount:20px;--awb-sep-color:#cbaa5c;border-color:#cbaa5c;border-top-width:1px;\"><\/div><\/div><div class=\"fusion-sep-clear\"><\/div>Chalet 1<div class=\"fusion-sep-clear\"><\/div><div class=\"fusion-separator fusion-full-width-sep\" style=\"margin-left: auto;margin-right: auto;margin-top:20px;margin-bottom:0px;width:100%;\"><\/div><div class=\"fusion-sep-clear\"><\/div>\n<div class=\"fusion-aligncenter\"><a class=\"fusion-button button-flat fusion-button-default-size button-default fusion-button-default button-1 fusion-button-default-span fusion-button-default-type\" target=\"_self\" href=\"https:\/\/ferienhaus-feldberg.net\/fr\/maison-de-vacances-feldberg\/\"><span class=\"fusion-button-text awb-button__text awb-button__text--default fusion-button-text-right\">Vers la maison de vacances Feldberg <\/span><span class=\"fusion-button-icon-divider button-icon-divider-right\"><i class=\" fa fa-angle-right awb-button__icon awb-button__icon--default\" aria-hidden=\"true\"><\/i><\/span><\/a><\/div>\n<\/div><\/div><\/div><div class=\"fusion-clearfix\"><\/div><\/div>\n<div class=\"fusion-clearfix\"><\/div><\/div><\/div><div class=\"fusion-layout-column fusion_builder_column fusion-builder-column-5 fusion_builder_column_1_3 1_3 fusion-one-third\" style=\"--awb-padding-top:260px;--awb-padding-right:40px;--awb-padding-left:40px;--awb-bg-color:#ffffff;--awb-bg-color-hover:#ffffff;--awb-bg-image:url(&#039;https:\/\/ferienhaus-feldberg.net\/wp-content\/uploads\/2021\/10\/wohlfuehl_chalet-1.jpg&#039;);--awb-bg-position:center top;--awb-bg-size:cover;--awb-margin-bottom:0px;width:30.6666%; margin-right: 4%;\"><div class=\"fusion-column-wrapper fusion-column-has-shadow fusion-flex-column-wrapper-legacy fusion-column-has-bg-image\" data-bg-url=\"https:\/\/ferienhaus-feldberg.net\/wp-content\/uploads\/2021\/10\/wohlfuehl_chalet-1.jpg\"><div class=\"fusion-content-boxes content-boxes columns row fusion-columns-1 fusion-columns-total-1 fusion-content-boxes-2 content-boxes-icon-on-top content-left\" style=\"--awb-backgroundcolor:rgba(255,255,255,0.88);--awb-margin-bottom:0px;--awb-hover-accent-color:#cbaa5c;--awb-circle-hover-accent-color:#cbaa5c;--awb-item-margin-bottom:40px;\" data-animationOffset=\"top-into-view\"><div style=\"--awb-backgroundcolor:rgba(255,255,255,0.88);\" class=\"fusion-column content-box-column content-box-column content-box-column-1 col-lg-12 col-md-12 col-sm-12 fusion-content-box-hover content-box-column-last content-box-column-last-in-row\"><div class=\"col content-box-wrapper content-wrapper-background link-area-box icon-hover-animation-pulsate\" data-animationOffset=\"top-into-view\"><div class=\"heading icon-left\"><h2 class=\"content-box-heading fusion-responsive-typography-calculated\" style=\"--h2_typography-font-size:20px;--fontSize:20;line-height:1.69;\">Maison de vacances<br \/>\nFor\u00eat-Noire<\/h2><\/div><div class=\"fusion-clearfix\"><\/div><div class=\"content-container\">\n<div class=\"fusion-sep-clear\"><\/div><div class=\"fusion-separator\" style=\"margin-left: auto;margin-right: auto;margin-top:10px;margin-bottom:20px;width:100%;max-width:50px;\"><div class=\"fusion-separator-border sep-single sep-solid\" style=\"--awb-height:20px;--awb-amount:20px;--awb-sep-color:#cbaa5c;border-color:#cbaa5c;border-top-width:1px;\"><\/div><\/div><div class=\"fusion-sep-clear\"><\/div>Chalet 2<div class=\"fusion-sep-clear\"><\/div><div class=\"fusion-separator fusion-full-width-sep\" style=\"margin-left: auto;margin-right: auto;margin-top:20px;margin-bottom:0px;width:100%;\"><\/div><div class=\"fusion-sep-clear\"><\/div>\n<div class=\"fusion-aligncenter\"><a class=\"fusion-button button-flat fusion-button-default-size button-default fusion-button-default button-2 fusion-button-default-span fusion-button-default-type\" target=\"_self\" href=\"https:\/\/ferienhaus-feldberg.net\/fr\/maison-de-vacances-foret-noire\/\"><span class=\"fusion-button-text awb-button__text awb-button__text--default fusion-button-text-right\">Vers la maison de vacances For\u00eat-Noire<\/span><span class=\"fusion-button-icon-divider button-icon-divider-right\"><i class=\" fa fa-angle-right awb-button__icon awb-button__icon--default\" aria-hidden=\"true\"><\/i><\/span><\/a><\/div>\n<\/div><\/div><\/div><div class=\"fusion-clearfix\"><\/div><\/div>\n<div class=\"fusion-clearfix\"><\/div><\/div><\/div><div class=\"fusion-layout-column fusion_builder_column fusion-builder-column-6 fusion_builder_column_1_3 1_3 fusion-one-third fusion-column-last\" style=\"--awb-padding-top:260px;--awb-padding-right:40px;--awb-padding-left:40px;--awb-bg-color:#ffffff;--awb-bg-color-hover:#ffffff;--awb-bg-image:url(&#039;https:\/\/ferienhaus-feldberg.net\/wp-content\/uploads\/2020\/02\/esszimmer_chalet-1.jpg&#039;);--awb-bg-position:center top;--awb-bg-size:cover;width:30.6666%;\"><div class=\"fusion-column-wrapper fusion-flex-column-wrapper-legacy fusion-column-has-bg-image\" data-bg-url=\"https:\/\/ferienhaus-feldberg.net\/wp-content\/uploads\/2020\/02\/esszimmer_chalet-1.jpg\"><div class=\"fusion-content-boxes content-boxes columns row fusion-columns-1 fusion-columns-total-1 fusion-content-boxes-3 content-boxes-icon-on-top content-left\" style=\"--awb-backgroundcolor:rgba(255,255,255,0.88);--awb-margin-bottom:0px;--awb-hover-accent-color:#cbaa5c;--awb-circle-hover-accent-color:#cbaa5c;--awb-item-margin-bottom:40px;\" data-animationOffset=\"top-into-view\"><div style=\"--awb-backgroundcolor:rgba(255,255,255,0.88);\" class=\"fusion-column content-box-column content-box-column content-box-column-1 col-lg-12 col-md-12 col-sm-12 fusion-content-box-hover content-box-column-last content-box-column-last-in-row\"><div class=\"col content-box-wrapper content-wrapper-background link-area-box icon-hover-animation-pulsate\" data-animationOffset=\"top-into-view\"><div class=\"heading icon-left\"><h2 class=\"content-box-heading fusion-responsive-typography-calculated\" style=\"--h2_typography-font-size:20px;--fontSize:20;line-height:1.69;\">Maison de vacances<br \/>\nSommet de la montagne<\/h2><\/div><div class=\"fusion-clearfix\"><\/div><div class=\"content-container\">\n<div class=\"fusion-sep-clear\"><\/div><div class=\"fusion-separator\" style=\"margin-left: auto;margin-right: auto;margin-top:10px;margin-bottom:20px;width:100%;max-width:50px;\"><div class=\"fusion-separator-border sep-single sep-solid\" style=\"--awb-height:20px;--awb-amount:20px;--awb-sep-color:#cbaa5c;border-color:#cbaa5c;border-top-width:1px;\"><\/div><\/div><div class=\"fusion-sep-clear\"><\/div>Chalet 3<div class=\"fusion-sep-clear\"><\/div><div class=\"fusion-separator fusion-full-width-sep\" style=\"margin-left: auto;margin-right: auto;margin-top:20px;margin-bottom:0px;width:100%;\"><\/div><div class=\"fusion-sep-clear\"><\/div>\n<div class=\"fusion-aligncenter\"><a class=\"fusion-button button-flat fusion-button-default-size button-default fusion-button-default button-3 fusion-button-default-span fusion-button-default-type\" target=\"_self\" href=\"https:\/\/ferienhaus-feldberg.net\/fr\/gite-sommets-de-montagne\/\"><span class=\"fusion-button-text awb-button__text awb-button__text--default fusion-button-text-right\">Vers la maison de vacances Berggipfel<\/span><span class=\"fusion-button-icon-divider button-icon-divider-right\"><i class=\" fa fa-angle-right awb-button__icon awb-button__icon--default\" aria-hidden=\"true\"><\/i><\/span><\/a><\/div>\n<\/div><\/div><\/div><div class=\"fusion-clearfix\"><\/div><\/div>\n<div class=\"fusion-clearfix\"><\/div><\/div><\/div><\/div><\/div><div class=\"fusion-bg-parallax\" data-bg-align=\"center center\" data-direction=\"up\" data-mute=\"false\" data-opacity=\"100\" data-velocity=\"-0.3\" data-mobile-enabled=\"false\" data-break_parents=\"0\" data-bg-image=\"https:\/\/ferienhaus-feldberg.net\/wp-content\/uploads\/2020\/02\/bach.jpg\" data-bg-repeat=\"false\" ><\/div><div class=\"fusion-fullwidth fullwidth-box fusion-builder-row-3 fusion-parallax-up nonhundred-percent-fullwidth non-hundred-percent-height-scrolling\" style=\"--awb-border-radius-top-left:0px;--awb-border-radius-top-right:0px;--awb-border-radius-bottom-right:0px;--awb-border-radius-bottom-left:0px;--awb-padding-top:55px;--awb-padding-bottom:55px;--awb-background-image:url(&quot;https:\/\/ferienhaus-feldberg.net\/wp-content\/uploads\/2020\/02\/bach.jpg&quot;);--awb-background-size:cover;--awb-flex-wrap:wrap;\" ><div class=\"fusion-builder-row fusion-row\"><div class=\"fusion-layout-column fusion_builder_column fusion-builder-column-7 fusion_builder_column_1_1 1_1 fusion-one-full fusion-column-first fusion-column-last\" style=\"--awb-bg-size:cover;\"><div class=\"fusion-column-wrapper fusion-column-has-shadow fusion-flex-column-wrapper-legacy\"><div class=\"fusion-sep-clear\"><\/div><div class=\"fusion-separator\" style=\"margin-left: auto;margin-right: auto;margin-top:50px;margin-bottom:50px;width:100%;max-width:50px;\"><div class=\"fusion-separator-border sep-single sep-solid\" style=\"--awb-height:20px;--awb-amount:20px;--awb-sep-color:#cbaa5c;border-color:#cbaa5c;border-top-width:0px;\"><\/div><\/div><div class=\"fusion-sep-clear\"><\/div><div class=\"fusion-image-element fusion-image-align-center in-legacy-container\" style=\"text-align:center;--awb-caption-title-font-family:var(--h2_typography-font-family);--awb-caption-title-font-weight:var(--h2_typography-font-weight);--awb-caption-title-font-style:var(--h2_typography-font-style);--awb-caption-title-size:var(--h2_typography-font-size);--awb-caption-title-transform:var(--h2_typography-text-transform);--awb-caption-title-line-height:var(--h2_typography-line-height);--awb-caption-title-letter-spacing:var(--h2_typography-letter-spacing);\"><div class=\"imageframe-align-center\"><span class=\" fusion-imageframe imageframe-none imageframe-3 hover-type-none\"><img decoding=\"async\" width=\"380\" height=\"225\" title=\"logo_or\" src=\"https:\/\/ferienhaus-feldberg.net\/wp-content\/uploads\/2020\/02\/logo_gold.png\" alt class=\"img-responsive wp-image-2958\" srcset=\"https:\/\/ferienhaus-feldberg.net\/wp-content\/uploads\/2020\/02\/logo_gold-200x118.png 200w, https:\/\/ferienhaus-feldberg.net\/wp-content\/uploads\/2020\/02\/logo_gold.png 380w\" sizes=\"(max-width: 800px) 100vw, 380px\" \/><\/span><\/div><\/div><div class=\"fusion-sep-clear\"><\/div><div class=\"fusion-separator\" style=\"margin-left: auto;margin-right: auto;margin-top:50px;margin-bottom:50px;width:100%;max-width:50px;\"><div class=\"fusion-separator-border sep-single sep-solid\" style=\"--awb-height:20px;--awb-amount:20px;--awb-sep-color:#cbaa5c;border-color:#cbaa5c;border-top-width:1px;\"><\/div><\/div><div class=\"fusion-sep-clear\"><\/div><div class=\"fusion-clearfix\"><\/div><\/div><\/div><\/div><\/div><div class=\"fusion-fullwidth fullwidth-box fusion-builder-row-4 nonhundred-percent-fullwidth non-hundred-percent-height-scrolling\" style=\"--awb-background-position:left top;--awb-border-sizes-top:0px;--awb-border-sizes-bottom:0px;--awb-border-sizes-left:0px;--awb-border-sizes-right:0px;--awb-border-radius-top-left:0px;--awb-border-radius-top-right:0px;--awb-border-radius-bottom-right:0px;--awb-border-radius-bottom-left:0px;--awb-padding-top:0px;--awb-padding-bottom:0px;--awb-margin-top:0px;--awb-margin-bottom:50px;--awb-flex-wrap:wrap;\" ><div class=\"fusion-builder-row fusion-row\"><div class=\"fusion-layout-column fusion_builder_column fusion-builder-column-8 fusion_builder_column_1_1 1_1 fusion-one-full fusion-column-first fusion-column-last\" style=\"--awb-bg-size:cover;\"><div class=\"fusion-column-wrapper fusion-column-has-shadow fusion-flex-column-wrapper-legacy\"><div class=\"fusion-sep-clear\"><\/div><div class=\"fusion-separator fusion-full-width-sep\" style=\"margin-left: auto;margin-right: auto;margin-top:50px;width:100%;\"><\/div><div class=\"fusion-sep-clear\"><\/div><div class=\"fusion-clearfix\"><\/div><\/div><\/div><div class=\"fusion-layout-column fusion_builder_column fusion-builder-column-9 fusion_builder_column_3_4 3_4 fusion-three-fourth fusion-column-first\" style=\"--awb-bg-position:right bottom;--awb-bg-size:cover;width:74%; margin-right: 4%;\"><div class=\"fusion-column-wrapper fusion-column-has-shadow fusion-flex-column-wrapper-legacy\"><div class=\"fusion-text fusion-text-5\"><p style=\"letter-spacing: 4px; font-size: 13px; margin-bottom: 0px;\">NOS MAISONS DE VACANCES<\/p>\n<h1 style=\"font-size: 36px;\" data-fontsize=\"46\" data-lineheight=\"51\" data-fusion-font=\"true\"><span style=\"color: #603813;\">Chalets accueillant les chiens pour vos vacances<\/span><\/h1>\n<\/div><div class=\"fusion-sep-clear\"><\/div><div class=\"fusion-separator fusion-clearfix\" style=\"float:left;margin-top:0px;margin-bottom:20px;width:100%;max-width:50px;\"><div class=\"fusion-separator-border sep-single sep-solid\" style=\"--awb-height:20px;--awb-amount:20px;--awb-sep-color:#cbaa5c;border-color:#cbaa5c;border-top-width:1px;\"><\/div><\/div><div class=\"fusion-sep-clear\"><\/div><div class=\"fusion-text fusion-text-6\"><p class=\"\" data-start=\"0\" data-end=\"75\"><strong data-start=\"0\" data-end=\"75\">Votre maison de vacances sur le Feldberg - arriver d\u00e9tendu, vivre sans stress<\/strong><\/p>\n<p class=\"\" data-start=\"77\" data-end=\"276\">Vous voyagez avec votre chien ? Alors vous savez \u00e0 quel point il est important de commencer vos vacances en toute simplicit\u00e9. Nos maisons de vacances sont directement accessibles en voiture - pas besoin de parcourir une longue distance entre le parking et la porte d&rsquo;entr\u00e9e.  <\/p>\n<p class=\"\" data-start=\"278\" data-end=\"506\">\u00c0 l&rsquo;int\u00e9rieur de la maison en bois massif, vous trouverez beaucoup d&rsquo;espace et une r\u00e9partition claire. Deux salles de bains permettent de rester d\u00e9tendu m\u00eame si vous \u00eates plusieurs. Le salon confortable avec po\u00eale \u00e0 bois est le lieu de retraite id\u00e9al apr\u00e8s une journ\u00e9e dans la nature. Pendant que le feu cr\u00e9pite, votre chien peut se d\u00e9tendre dans son panier.   <\/p>\n<p class=\"\" data-start=\"508\" data-end=\"687\">Dehors, la grande terrasse offre un espace suppl\u00e9mentaire pour respirer. Votre chien peut s&rsquo;y d\u00e9tendre \u00e0 l&rsquo;air libre pendant que vous admirez la vue ou que vous allumez le barbecue. <\/p>\n<p class=\"\" data-start=\"689\" data-end=\"797\">Autre point fort : le hot-tub d&rsquo;ext\u00e9rieur chauff\u00e9 au bois - parfait pour les soir\u00e9es tranquilles en plein air.<\/p>\n<p class=\"\" data-start=\"799\" data-end=\"882\">Tout ce dont vous avez besoin est l\u00e0 - pour des vacances sans stress avec votre chien en For\u00eat-Noire.<\/p>\n<\/div><div class=\"fusion-clearfix\"><\/div><\/div><\/div><div class=\"fusion-layout-column fusion_builder_column fusion-builder-column-10 fusion_builder_column_1_4 1_4 fusion-one-fourth fusion-column-last\" style=\"--awb-bg-size:cover;width:22%;\"><div class=\"fusion-column-wrapper fusion-column-has-shadow fusion-flex-column-wrapper-legacy\"><div class=\"fusion-sep-clear\"><\/div><div class=\"fusion-separator fusion-full-width-sep\" style=\"margin-left: auto;margin-right: auto;margin-top:50px;width:100%;\"><div class=\"fusion-separator-border sep-double\" style=\"--awb-height:20px;--awb-amount:20px;border-color:#e0dede;border-top-width:0px;border-bottom-width:0px;\"><\/div><\/div><div class=\"fusion-sep-clear\"><\/div><div class=\"fusion-sep-clear\"><\/div><div class=\"fusion-separator fusion-full-width-sep\" style=\"margin-left: auto;margin-right: auto;margin-top:5px;width:100%;\"><\/div><div class=\"fusion-sep-clear\"><\/div><div class=\"fusion-image-element in-legacy-container\" style=\"--awb-caption-title-font-family:var(--h2_typography-font-family);--awb-caption-title-font-weight:var(--h2_typography-font-weight);--awb-caption-title-font-style:var(--h2_typography-font-style);--awb-caption-title-size:var(--h2_typography-font-size);--awb-caption-title-transform:var(--h2_typography-text-transform);--awb-caption-title-line-height:var(--h2_typography-line-height);--awb-caption-title-letter-spacing:var(--h2_typography-letter-spacing);\"><span class=\" fusion-imageframe imageframe-none imageframe-4 hover-type-none fusion-animated\" style=\"border:1px solid #cbaa5c;\" data-animationType=\"slideInRight\" data-animationDuration=\"0.4\" data-animationOffset=\"top-into-view\"><img decoding=\"async\" width=\"853\" height=\"1280\" alt=\"Louer une maison de vacances accueillante pour les chiens en For\u00eat-Noire\" title=\"Louer une maison de vacances accueillante pour les chiens en For\u00eat-Noire\" src=\"https:\/\/ferienhaus-feldberg.net\/wp-content\/uploads\/2025\/04\/hundefreundliches-ferienhaus-schwarzwald.jpg\" class=\"img-responsive wp-image-3004\" srcset=\"https:\/\/ferienhaus-feldberg.net\/wp-content\/uploads\/2025\/04\/hundefreundliches-ferienhaus-schwarzwald-200x300.jpg 200w, https:\/\/ferienhaus-feldberg.net\/wp-content\/uploads\/2025\/04\/hundefreundliches-ferienhaus-schwarzwald-400x600.jpg 400w, https:\/\/ferienhaus-feldberg.net\/wp-content\/uploads\/2025\/04\/hundefreundliches-ferienhaus-schwarzwald-600x900.jpg 600w, https:\/\/ferienhaus-feldberg.net\/wp-content\/uploads\/2025\/04\/hundefreundliches-ferienhaus-schwarzwald-800x1200.jpg 800w, https:\/\/ferienhaus-feldberg.net\/wp-content\/uploads\/2025\/04\/hundefreundliches-ferienhaus-schwarzwald.jpg 853w\" sizes=\"(max-width: 800px) 100vw, 400px\" \/><\/span><\/div><div class=\"fusion-clearfix\"><\/div><\/div><\/div><\/div><\/div><div class=\"fusion-fullwidth fullwidth-box fusion-builder-row-5 fusion-parallax-none nonhundred-percent-fullwidth non-hundred-percent-height-scrolling fusion-equal-height-columns\" style=\"--awb-background-position:center bottom;--awb-background-repeat:repeat-x;--awb-border-radius-top-left:0px;--awb-border-radius-top-right:0px;--awb-border-radius-bottom-right:0px;--awb-border-radius-bottom-left:0px;--awb-background-image:url(&quot;https:\/\/ferienhaus-feldberg.net\/wp-content\/uploads\/2020\/02\/hintergrund_feldberg-1.jpg&quot;);--awb-flex-wrap:wrap;\" ><div class=\"fusion-builder-row fusion-row\"><div class=\"fusion-layout-column fusion_builder_column fusion-builder-column-11 fusion_builder_column_2_5 2_5 fusion-two-fifth fusion-column-first fusion-animated\" style=\"--awb-bg-image:url(&#039;https:\/\/ferienhaus-feldberg.net\/wp-content\/uploads\/2020\/02\/innen3.jpg&#039;);--awb-bg-position:center center;--awb-bg-size:cover;\" data-animationType=\"slideInLeft\" data-animationDuration=\"0.4\" data-animationOffset=\"top-into-view\"><div class=\"fusion-column-wrapper fusion-column-has-shadow fusion-flex-column-wrapper-legacy fusion-empty-column-bg-image fusion-column-has-bg-image\" data-bg-url=\"https:\/\/ferienhaus-feldberg.net\/wp-content\/uploads\/2020\/02\/innen3.jpg\"><img decoding=\"async\" class=\"fusion-empty-dims-img-placeholder fusion-no-large-visibility\" aria-label=\"innen3\" src=\"data:image\/svg+xml,%3Csvg%20xmlns%3D%27http%3A%2F%2Fwww.w3.org%2F2000%2Fsvg%27%20width%3D%27529%27%20height%3D%27529%27%20viewBox%3D%270%200%20529%20529%27%3E%3Crect%20width%3D%27529%27%20height%3D%27529%27%20fill-opacity%3D%220%22%2F%3E%3C%2Fsvg%3E\"><div class=\"fusion-clearfix\"><\/div><\/div><\/div><div class=\"fusion-layout-column fusion_builder_column fusion-builder-column-12 fusion_builder_column_3_5 3_5 fusion-three-fifth fusion-column-last fusion-animated\" style=\"--awb-padding-top:25px;--awb-padding-right:40px;--awb-padding-bottom:35px;--awb-padding-left:35px;--awb-bg-color:#cbaa5c;--awb-bg-color-hover:#cbaa5c;--awb-bg-size:cover;\" data-animationType=\"slideInRight\" data-animationDuration=\"0.4\" data-animationOffset=\"top-into-view\"><div class=\"fusion-column-wrapper fusion-column-has-shadow fusion-flex-column-wrapper-legacy\"><div class=\"fusion-text fusion-text-7\"><h3 class=\"\" style=\"--fontsize: 24; line-height: 1.67;\" data-fontsize=\"24\" data-lineheight=\"40.08px\"><span style=\"color: #603813;\">Vos vacances dans un chalet de luxe en rondins<\/span><\/h3>\n<p><span style=\"color: #ffffff;\">Dans nos chalets en rondins, vous vivez g\u00e9n\u00e9reusement sur deux \u00e9tages - avec beaucoup d&rsquo;espace pour les hommes et les animaux. Le rez-de-chauss\u00e9e comprend un salon avec un po\u00eale \u00e0 bois, une grande salle \u00e0 manger, une cuisine enti\u00e8rement \u00e9quip\u00e9e, une premi\u00e8re salle de bains avec sauna int\u00e9gr\u00e9 et deux chambres. Le sol en pierre avec chauffage au sol assure une chaleur agr\u00e9able - particuli\u00e8rement agr\u00e9able pour les chiens \u00e9galement.  <\/span><br \/>\n<span style=\"color: #ffffff;\">\u00c0 l&rsquo;\u00e9tage sup\u00e9rieur, vous trouverez une galerie ouverte avec un coin de jeu, un espace Playstation priv\u00e9 ainsi que quatre autres chambres \u00e0 coucher et une deuxi\u00e8me salle de bains avec douche et baignoire.<\/span><\/p>\n<p>Les trois maisons de vacances disposent d&rsquo;un \u00e9quipement haut de gamme uniforme : cuisine moderne, salles de bains luxueuses, WLAN, TV LED 52 pouces avec SKY Entertainment, PS5, lecteur Blu-ray et syst\u00e8me de sonorisation Sonos.<\/p>\n<p>Particuli\u00e8rement pratique pour les propri\u00e9taires de chiens : une grande libert\u00e9 de mouvement \u00e0 l&rsquo;int\u00e9rieur, de courtes distances vers l&rsquo;ext\u00e9rieur et des mat\u00e9riaux robustes et faciles \u00e0 entretenir - parfait pour des vacances d\u00e9tendues avec son chien.<\/p>\n<\/div><div class=\"fusion-clearfix\"><\/div><\/div><\/div><div class=\"fusion-layout-column fusion_builder_column fusion-builder-column-13 fusion_builder_column_3_5 3_5 fusion-three-fifth fusion-column-first fusion-animated\" style=\"--awb-padding-top:25px;--awb-padding-right:40px;--awb-padding-bottom:35px;--awb-padding-left:35px;--awb-bg-color:#603813;--awb-bg-color-hover:#603813;--awb-bg-size:cover;\" data-animationType=\"slideInRight\" data-animationDuration=\"0.4\" data-animationOffset=\"top-into-view\"><div class=\"fusion-column-wrapper fusion-column-has-shadow fusion-flex-column-wrapper-legacy\"><div class=\"fusion-text fusion-text-8\"><h3><span style=\"color: #cbaa5c;\">L&rsquo;atmosph\u00e8re d&rsquo;une maison en rondins rencontre le confort moderne<\/span><\/h3>\n<p><span style=\"color: #ffffff;\">Nos maisons de vacances combinent le sentiment de vraies vacances en rondins avec un \u00e9quipement moderne et des d\u00e9tails \u00e9l\u00e9gants. La combinaison de bois chaleureux, de mobilier de qualit\u00e9 et d&rsquo;un am\u00e9nagement bien pens\u00e9 cr\u00e9e une atmosph\u00e8re de bien-\u00eatre particuli\u00e8re - id\u00e9ale pour se d\u00e9tendre. <\/span><\/p>\n<p><span style=\"color: #ffffff;\">Chaque maison dispose de son propre sauna et d&rsquo;un po\u00eale \u00e0 bois. Le bois de chauffage se trouve directement devant la porte, ce qui vous permet d&rsquo;allumer un feu cr\u00e9pitant \u00e0 tout moment. C&rsquo;est l&rsquo;endroit id\u00e9al pour se r\u00e9chauffer et se d\u00e9tendre apr\u00e8s une longue promenade avec votre chien.  <\/span><\/p>\n<\/div><div class=\"fusion-clearfix\"><\/div><\/div><\/div><div class=\"fusion-layout-column fusion_builder_column fusion-builder-column-14 fusion_builder_column_2_5 2_5 fusion-two-fifth fusion-column-last fusion-animated\" style=\"--awb-bg-image:url(&#039;https:\/\/ferienhaus-feldberg.net\/wp-content\/uploads\/2020\/02\/feuer.jpg&#039;);--awb-bg-position:center center;--awb-bg-size:cover;\" data-animationType=\"slideInLeft\" data-animationDuration=\"0.4\" data-animationOffset=\"top-into-view\"><div class=\"fusion-column-wrapper fusion-column-has-shadow fusion-flex-column-wrapper-legacy fusion-empty-column-bg-image fusion-column-has-bg-image\" data-bg-url=\"https:\/\/ferienhaus-feldberg.net\/wp-content\/uploads\/2020\/02\/feuer.jpg\"><img decoding=\"async\" class=\"fusion-empty-dims-img-placeholder fusion-no-large-visibility\" aria-label=\"feuer\" src=\"data:image\/svg+xml,%3Csvg%20xmlns%3D%27http%3A%2F%2Fwww.w3.org%2F2000%2Fsvg%27%20width%3D%27529%27%20height%3D%27529%27%20viewBox%3D%270%200%20529%20529%27%3E%3Crect%20width%3D%27529%27%20height%3D%27529%27%20fill-opacity%3D%220%22%2F%3E%3C%2Fsvg%3E\"><div class=\"fusion-clearfix\"><\/div><\/div><\/div><div class=\"fusion-layout-column fusion_builder_column fusion-builder-column-15 fusion_builder_column_2_5 2_5 fusion-two-fifth fusion-column-first fusion-animated\" style=\"--awb-bg-image:url(&#039;https:\/\/ferienhaus-feldberg.net\/wp-content\/uploads\/2020\/02\/spielecke2.jpg&#039;);--awb-bg-position:center center;--awb-bg-size:cover;\" data-animationType=\"slideInLeft\" data-animationDuration=\"0.4\" data-animationOffset=\"top-into-view\"><div class=\"fusion-column-wrapper fusion-column-has-shadow fusion-flex-column-wrapper-legacy fusion-empty-column-bg-image fusion-column-has-bg-image\" data-bg-url=\"https:\/\/ferienhaus-feldberg.net\/wp-content\/uploads\/2020\/02\/spielecke2.jpg\"><img decoding=\"async\" class=\"fusion-empty-dims-img-placeholder fusion-no-large-visibility\" aria-label=\"spielecke2\" src=\"data:image\/svg+xml,%3Csvg%20xmlns%3D%27http%3A%2F%2Fwww.w3.org%2F2000%2Fsvg%27%20width%3D%27529%27%20height%3D%27529%27%20viewBox%3D%270%200%20529%20529%27%3E%3Crect%20width%3D%27529%27%20height%3D%27529%27%20fill-opacity%3D%220%22%2F%3E%3C%2Fsvg%3E\"><div class=\"fusion-clearfix\"><\/div><\/div><\/div><div class=\"fusion-layout-column fusion_builder_column fusion-builder-column-16 fusion_builder_column_3_5 3_5 fusion-three-fifth fusion-column-last fusion-animated\" style=\"--awb-padding-top:25px;--awb-padding-right:40px;--awb-padding-bottom:35px;--awb-padding-left:35px;--awb-bg-color:#cbaa5c;--awb-bg-color-hover:#cbaa5c;--awb-bg-size:cover;\" data-animationType=\"slideInRight\" data-animationDuration=\"0.4\" data-animationOffset=\"top-into-view\"><div class=\"fusion-column-wrapper fusion-column-has-shadow fusion-flex-column-wrapper-legacy\"><div class=\"fusion-text fusion-text-9\"><h3 class=\"\" style=\"--fontsize: 24; line-height: 1.67;\" data-fontsize=\"24\" data-lineheight=\"40.08px\"><span style=\"color: #603813;\">Convient aussi parfaitement aux familles avec chien<\/span><\/h3>\n<p><span style=\"color: #ffffff;\">Nos maisons de vacances offrent non seulement beaucoup de confort pour les adultes et les animaux domestiques, mais aussi beaucoup d&rsquo;activit\u00e9s pour les enfants et les adolescents. Sur la galerie ouverte, vous trouverez un coin de jeu confortable avec de nombreux jeux de soci\u00e9t\u00e9 ainsi qu&rsquo;un espace Playstation 5 - id\u00e9al pour des heures de d\u00e9tente \u00e0 jouer aux jeux vid\u00e9o. <\/span><\/p>\n<p>De plus, un baby-foot professionnel et un jeu de fl\u00e9chettes \u00e9lectronique sont disponibles dans chaque maison. Ainsi, m\u00eame en cas de mauvais temps, vous ne risquez pas de vous ennuyer. <\/p>\n<p>Pour des excursions en famille - chien compris - le sentier des lutins, le parc d&rsquo;escalade en plein air et la Fundorena (parc int\u00e9rieur de Feldberg) se trouvent \u00e0 distance de marche. Des conditions parfaites pour des vacances actives dans la For\u00eat-Noire.<\/p>\n<\/div><div class=\"fusion-clearfix\"><\/div><\/div><\/div><div class=\"fusion-layout-column fusion_builder_column fusion-builder-column-17 fusion_builder_column_3_5 3_5 fusion-three-fifth fusion-column-first fusion-animated\" style=\"--awb-padding-top:25px;--awb-padding-right:40px;--awb-padding-bottom:35px;--awb-padding-left:35px;--awb-bg-color:#603813;--awb-bg-color-hover:#603813;--awb-bg-size:cover;\" data-animationType=\"slideInRight\" data-animationDuration=\"0.4\" data-animationOffset=\"top-into-view\"><div class=\"fusion-column-wrapper fusion-column-has-shadow fusion-flex-column-wrapper-legacy\"><div class=\"fusion-text fusion-text-10\"><h3 class=\"fusion-responsive-typography-calculated\" style=\"--fontsize: 24; line-height: 1.67;\" data-fontsize=\"24\" data-lineheight=\"40.08px\"><span style=\"color: #cbaa5c;\">Bien \u00e9quip\u00e9 - m\u00eame pour les amateurs de vin<\/span><\/h3>\n<p><span style=\"color: #ffffff;\">Dans chacune de nos maisons de vacances, vous trouverez une armoire \u00e0 vin \u00e9l\u00e9gante, remplie de vins s\u00e9lectionn\u00e9s du domaine viticole Martin Wa\u00dfmer, qui a re\u00e7u de nombreuses r\u00e9compenses. La s\u00e9lection va des vins blancs frais comme le Chardonnay, le Pinot blanc et le Sauvignon blanc aux vins rouges de caract\u00e8re comme le Pinot noir, le Pinot noir SW et la cuv\u00e9e cors\u00e9e \"Calmo\" compos\u00e9e de Cabernet Sauvignon, Merlot et Syrah. <\/span><\/p>\n<p><span style=\"color: #ffffff;\">Ce qui est particulier : Vous ne payez que le prix original au d\u00e9part du domaine viticole - sans aucun suppl\u00e9ment. Id\u00e9al pour une soir\u00e9e gourmande au Chalet, pendant que votre compagnon \u00e0 quatre pattes se d\u00e9tend sur la terrasse ou au coin du feu. <\/span><\/p>\n<\/div><div class=\"fusion-clearfix\"><\/div><\/div><\/div><div class=\"fusion-layout-column fusion_builder_column fusion-builder-column-18 fusion_builder_column_2_5 2_5 fusion-two-fifth fusion-column-last fusion-animated\" style=\"--awb-bg-image:url(&#039;https:\/\/ferienhaus-feldberg.net\/wp-content\/uploads\/2020\/02\/wein.jpg&#039;);--awb-bg-position:center center;--awb-bg-size:cover;\" data-animationType=\"slideInLeft\" data-animationDuration=\"0.4\" data-animationOffset=\"top-into-view\"><div class=\"fusion-column-wrapper fusion-column-has-shadow fusion-flex-column-wrapper-legacy fusion-empty-column-bg-image fusion-column-has-bg-image\" data-bg-url=\"https:\/\/ferienhaus-feldberg.net\/wp-content\/uploads\/2020\/02\/wein.jpg\"><img decoding=\"async\" class=\"fusion-empty-dims-img-placeholder fusion-no-large-visibility\" aria-label=\"wein\" src=\"data:image\/svg+xml,%3Csvg%20xmlns%3D%27http%3A%2F%2Fwww.w3.org%2F2000%2Fsvg%27%20width%3D%27529%27%20height%3D%27529%27%20viewBox%3D%270%200%20529%20529%27%3E%3Crect%20width%3D%27529%27%20height%3D%27529%27%20fill-opacity%3D%220%22%2F%3E%3C%2Fsvg%3E\"><div class=\"fusion-clearfix\"><\/div><\/div><\/div><div class=\"fusion-layout-column fusion_builder_column fusion-builder-column-19 fusion_builder_column_3_5 3_5 fusion-three-fifth fusion-column-first fusion-animated\" style=\"--awb-padding-top:25px;--awb-padding-right:40px;--awb-padding-bottom:35px;--awb-padding-left:35px;--awb-bg-color:#603813;--awb-bg-color-hover:#603813;--awb-bg-size:cover;\" data-animationType=\"slideInRight\" data-animationDuration=\"0.4\" data-animationOffset=\"top-into-view\"><div class=\"fusion-column-wrapper fusion-column-has-shadow fusion-flex-column-wrapper-legacy\"><div class=\"fusion-text fusion-text-11\"><h3><span style=\"color: #cbaa5c;\">TOP SERVICE<\/span><\/h3>\n<p><span style=\"color: #ffffff;\">Lors de la r\u00e9servation, vous pouvez r\u00e9server la Schwarzwaldcard avec tous les avantages \u00e9conomiques en cliquant sur le lien suivant ( https:\/\/www.schwarzwald-tourismus.info\/planen-buchen\/schwarzwaldcard). Avec la Schwarzwaldcard, vous pouvez profiter de plus de 180 attractions autour de la For\u00eat-Noire \u00e0 des conditions r\u00e9duites. Par exemple, le train du Feldberg, l&rsquo;entr\u00e9e au paradis aquatique de la For\u00eat-Noire, Fundorena avec son parc de trampolines, son parc d&rsquo;accrobranche, son mur d&rsquo;escalade, la navigation de plaisance, le golf, les parcs d&rsquo;attractions et bien plus encore.  <\/span><\/p>\n<\/div><div class=\"fusion-clearfix\"><\/div><\/div><\/div><div class=\"fusion-layout-column fusion_builder_column fusion-builder-column-20 fusion_builder_column_2_5 2_5 fusion-two-fifth fusion-column-last fusion-animated\" style=\"--awb-bg-image:url(&#039;https:\/\/ferienhaus-feldberg.net\/wp-content\/uploads\/2020\/02\/SchwarzwaldCard.jpg&#039;);--awb-bg-position:center center;--awb-bg-size:cover;\" data-animationType=\"slideInLeft\" data-animationDuration=\"0.4\" data-animationOffset=\"top-into-view\"><div class=\"fusion-column-wrapper fusion-column-has-shadow fusion-flex-column-wrapper-legacy fusion-empty-column-bg-image fusion-column-has-bg-image\" data-bg-url=\"https:\/\/ferienhaus-feldberg.net\/wp-content\/uploads\/2020\/02\/SchwarzwaldCard.jpg\"><img decoding=\"async\" class=\"fusion-empty-dims-img-placeholder fusion-no-large-visibility\" aria-label=\"SchwarzwaldCard\" src=\"data:image\/svg+xml,%3Csvg%20xmlns%3D%27http%3A%2F%2Fwww.w3.org%2F2000%2Fsvg%27%20width%3D%27529%27%20height%3D%27529%27%20viewBox%3D%270%200%20529%20529%27%3E%3Crect%20width%3D%27529%27%20height%3D%27529%27%20fill-opacity%3D%220%22%2F%3E%3C%2Fsvg%3E\"><div class=\"fusion-clearfix\"><\/div><\/div><\/div><div class=\"fusion-layout-column fusion_builder_column fusion-builder-column-21 fusion_builder_column_1_1 1_1 fusion-one-full fusion-column-first fusion-column-last\" style=\"--awb-bg-size:cover;\"><div class=\"fusion-column-wrapper fusion-column-has-shadow fusion-flex-column-wrapper-legacy\"><div class=\"fusion-clearfix\"><\/div><\/div><\/div><\/div><\/div><\/p>\n","protected":false},"excerpt":{"rendered":"","protected":false},"author":1,"featured_media":0,"parent":0,"menu_order":0,"comment_status":"open","ping_status":"open","template":"100-width.php","meta":{"footnotes":"","_wp_rev_ctl_limit":""},"class_list":["post-3003","page","type-page","status-publish","hentry"],"yoast_head":"<!-- This site is optimized with the Yoast SEO plugin v26.6 - https:\/\/yoast.com\/wordpress\/plugins\/seo\/ -->\n<title>Louer une maison de vacances en For\u00eat-Noire avec un chien : Vacances au Feldberg<\/title>\n<meta name=\"description\" content=\"Vacances en For\u00eat-Noire avec un chien : maisons de vacances de luxe pour 2 \u00e0 14 personnes avec po\u00eale \u00e0 bois, sauna, bain \u00e0 remous. Louez ici !\" \/>\n<meta name=\"robots\" content=\"index, follow, max-snippet:-1, max-image-preview:large, max-video-preview:-1\" \/>\n<link rel=\"canonical\" href=\"https:\/\/ferienhaus-feldberg.net\/fr\/foret-noire-villas-avec-chien\/\" \/>\n<meta property=\"og:locale\" content=\"fr_FR\" \/>\n<meta property=\"og:type\" content=\"article\" \/>\n<meta property=\"og:title\" content=\"Louer une maison de vacances en For\u00eat-Noire avec un chien : Vacances au Feldberg\" \/>\n<meta property=\"og:description\" content=\"Vacances en For\u00eat-Noire avec un chien : maisons de vacances de luxe pour 2 \u00e0 14 personnes avec po\u00eale \u00e0 bois, sauna, bain \u00e0 remous. Louez ici !\" \/>\n<meta property=\"og:url\" content=\"https:\/\/ferienhaus-feldberg.net\/fr\/foret-noire-villas-avec-chien\/\" \/>\n<meta property=\"og:site_name\" content=\"Schwarzwald Ferienhaus auf dem Feldberg\" \/>\n<meta property=\"article:modified_time\" content=\"2025-12-28T15:30:39+00:00\" \/>\n<meta name=\"twitter:card\" content=\"summary_large_image\" \/>\n<script type=\"application\/ld+json\" class=\"yoast-schema-graph\">{\"@context\":\"https:\/\/schema.org\",\"@graph\":[{\"@type\":\"WebPage\",\"@id\":\"https:\/\/ferienhaus-feldberg.net\/fr\/foret-noire-villas-avec-chien\/\",\"url\":\"https:\/\/ferienhaus-feldberg.net\/fr\/foret-noire-villas-avec-chien\/\",\"name\":\"Louer une maison de vacances en For\u00eat-Noire avec un chien : Vacances au Feldberg\",\"isPartOf\":{\"@id\":\"https:\/\/ferienhaus-feldberg.net\/fr\/#website\"},\"datePublished\":\"2025-04-09T07:32:58+00:00\",\"dateModified\":\"2025-12-28T15:30:39+00:00\",\"description\":\"Vacances en For\u00eat-Noire avec un chien : maisons de vacances de luxe pour 2 \u00e0 14 personnes avec po\u00eale \u00e0 bois, sauna, bain \u00e0 remous. Louez ici !\",\"breadcrumb\":{\"@id\":\"https:\/\/ferienhaus-feldberg.net\/fr\/foret-noire-villas-avec-chien\/#breadcrumb\"},\"inLanguage\":\"fr-FR\",\"potentialAction\":[{\"@type\":\"ReadAction\",\"target\":[\"https:\/\/ferienhaus-feldberg.net\/fr\/foret-noire-villas-avec-chien\/\"]}]},{\"@type\":\"BreadcrumbList\",\"@id\":\"https:\/\/ferienhaus-feldberg.net\/fr\/foret-noire-villas-avec-chien\/#breadcrumb\",\"itemListElement\":[{\"@type\":\"ListItem\",\"position\":1,\"name\":\"Startseite\",\"item\":\"https:\/\/ferienhaus-feldberg.net\/fr\/accueil\/\"},{\"@type\":\"ListItem\",\"position\":2,\"name\":\"For\u00eat-Noire Villas avec chien\"}]},{\"@type\":\"WebSite\",\"@id\":\"https:\/\/ferienhaus-feldberg.net\/fr\/#website\",\"url\":\"https:\/\/ferienhaus-feldberg.net\/fr\/\",\"name\":\"Schwarzwald Ferienhaus auf dem Feldberg\",\"description\":\"Das einzigartige Ferienhaus im Schwarzwald auf dem Feldberg\",\"publisher\":{\"@id\":\"https:\/\/ferienhaus-feldberg.net\/fr\/#organization\"},\"potentialAction\":[{\"@type\":\"SearchAction\",\"target\":{\"@type\":\"EntryPoint\",\"urlTemplate\":\"https:\/\/ferienhaus-feldberg.net\/fr\/?s={search_term_string}\"},\"query-input\":{\"@type\":\"PropertyValueSpecification\",\"valueRequired\":true,\"valueName\":\"search_term_string\"}}],\"inLanguage\":\"fr-FR\"},{\"@type\":\"Organization\",\"@id\":\"https:\/\/ferienhaus-feldberg.net\/fr\/#organization\",\"name\":\"Blockhaus-Chalet GmbH\",\"url\":\"https:\/\/ferienhaus-feldberg.net\/fr\/\",\"logo\":{\"@type\":\"ImageObject\",\"inLanguage\":\"fr-FR\",\"@id\":\"https:\/\/ferienhaus-feldberg.net\/fr\/#\/schema\/logo\/image\/\",\"url\":\"https:\/\/ferienhaus-feldberg.net\/wp-content\/uploads\/2020\/01\/blockhaus-chalet_logo_retina.png\",\"contentUrl\":\"https:\/\/ferienhaus-feldberg.net\/wp-content\/uploads\/2020\/01\/blockhaus-chalet_logo_retina.png\",\"width\":400,\"height\":231,\"caption\":\"Blockhaus-Chalet GmbH\"},\"image\":{\"@id\":\"https:\/\/ferienhaus-feldberg.net\/fr\/#\/schema\/logo\/image\/\"}}]}<\/script>\n<!-- \/ Yoast SEO plugin. -->","yoast_head_json":{"title":"Louer une maison de vacances en For\u00eat-Noire avec un chien : Vacances au Feldberg","description":"Vacances en For\u00eat-Noire avec un chien : maisons de vacances de luxe pour 2 \u00e0 14 personnes avec po\u00eale \u00e0 bois, sauna, bain \u00e0 remous. Louez ici !","robots":{"index":"index","follow":"follow","max-snippet":"max-snippet:-1","max-image-preview":"max-image-preview:large","max-video-preview":"max-video-preview:-1"},"canonical":"https:\/\/ferienhaus-feldberg.net\/fr\/foret-noire-villas-avec-chien\/","og_locale":"fr_FR","og_type":"article","og_title":"Louer une maison de vacances en For\u00eat-Noire avec un chien : Vacances au Feldberg","og_description":"Vacances en For\u00eat-Noire avec un chien : maisons de vacances de luxe pour 2 \u00e0 14 personnes avec po\u00eale \u00e0 bois, sauna, bain \u00e0 remous. Louez ici !","og_url":"https:\/\/ferienhaus-feldberg.net\/fr\/foret-noire-villas-avec-chien\/","og_site_name":"Schwarzwald Ferienhaus auf dem Feldberg","article_modified_time":"2025-12-28T15:30:39+00:00","twitter_card":"summary_large_image","schema":{"@context":"https:\/\/schema.org","@graph":[{"@type":"WebPage","@id":"https:\/\/ferienhaus-feldberg.net\/fr\/foret-noire-villas-avec-chien\/","url":"https:\/\/ferienhaus-feldberg.net\/fr\/foret-noire-villas-avec-chien\/","name":"Louer une maison de vacances en For\u00eat-Noire avec un chien : Vacances au Feldberg","isPartOf":{"@id":"https:\/\/ferienhaus-feldberg.net\/fr\/#website"},"datePublished":"2025-04-09T07:32:58+00:00","dateModified":"2025-12-28T15:30:39+00:00","description":"Vacances en For\u00eat-Noire avec un chien : maisons de vacances de luxe pour 2 \u00e0 14 personnes avec po\u00eale \u00e0 bois, sauna, bain \u00e0 remous. Louez ici !","breadcrumb":{"@id":"https:\/\/ferienhaus-feldberg.net\/fr\/foret-noire-villas-avec-chien\/#breadcrumb"},"inLanguage":"fr-FR","potentialAction":[{"@type":"ReadAction","target":["https:\/\/ferienhaus-feldberg.net\/fr\/foret-noire-villas-avec-chien\/"]}]},{"@type":"BreadcrumbList","@id":"https:\/\/ferienhaus-feldberg.net\/fr\/foret-noire-villas-avec-chien\/#breadcrumb","itemListElement":[{"@type":"ListItem","position":1,"name":"Startseite","item":"https:\/\/ferienhaus-feldberg.net\/fr\/accueil\/"},{"@type":"ListItem","position":2,"name":"For\u00eat-Noire Villas avec chien"}]},{"@type":"WebSite","@id":"https:\/\/ferienhaus-feldberg.net\/fr\/#website","url":"https:\/\/ferienhaus-feldberg.net\/fr\/","name":"Schwarzwald Ferienhaus auf dem Feldberg","description":"Das einzigartige Ferienhaus im Schwarzwald auf dem Feldberg","publisher":{"@id":"https:\/\/ferienhaus-feldberg.net\/fr\/#organization"},"potentialAction":[{"@type":"SearchAction","target":{"@type":"EntryPoint","urlTemplate":"https:\/\/ferienhaus-feldberg.net\/fr\/?s={search_term_string}"},"query-input":{"@type":"PropertyValueSpecification","valueRequired":true,"valueName":"search_term_string"}}],"inLanguage":"fr-FR"},{"@type":"Organization","@id":"https:\/\/ferienhaus-feldberg.net\/fr\/#organization","name":"Blockhaus-Chalet GmbH","url":"https:\/\/ferienhaus-feldberg.net\/fr\/","logo":{"@type":"ImageObject","inLanguage":"fr-FR","@id":"https:\/\/ferienhaus-feldberg.net\/fr\/#\/schema\/logo\/image\/","url":"https:\/\/ferienhaus-feldberg.net\/wp-content\/uploads\/2020\/01\/blockhaus-chalet_logo_retina.png","contentUrl":"https:\/\/ferienhaus-feldberg.net\/wp-content\/uploads\/2020\/01\/blockhaus-chalet_logo_retina.png","width":400,"height":231,"caption":"Blockhaus-Chalet GmbH"},"image":{"@id":"https:\/\/ferienhaus-feldberg.net\/fr\/#\/schema\/logo\/image\/"}}]}},"amp_enabled":false,"_links":{"self":[{"href":"https:\/\/ferienhaus-feldberg.net\/fr\/wp-json\/wp\/v2\/pages\/3003","targetHints":{"allow":["GET"]}}],"collection":[{"href":"https:\/\/ferienhaus-feldberg.net\/fr\/wp-json\/wp\/v2\/pages"}],"about":[{"href":"https:\/\/ferienhaus-feldberg.net\/fr\/wp-json\/wp\/v2\/types\/page"}],"author":[{"embeddable":true,"href":"https:\/\/ferienhaus-feldberg.net\/fr\/wp-json\/wp\/v2\/users\/1"}],"replies":[{"embeddable":true,"href":"https:\/\/ferienhaus-feldberg.net\/fr\/wp-json\/wp\/v2\/comments?post=3003"}],"version-history":[{"count":5,"href":"https:\/\/ferienhaus-feldberg.net\/fr\/wp-json\/wp\/v2\/pages\/3003\/revisions"}],"predecessor-version":[{"id":4797,"href":"https:\/\/ferienhaus-feldberg.net\/fr\/wp-json\/wp\/v2\/pages\/3003\/revisions\/4797"}],"wp:attachment":[{"href":"https:\/\/ferienhaus-feldberg.net\/fr\/wp-json\/wp\/v2\/media?parent=3003"}],"curies":[{"name":"wp","href":"https:\/\/api.w.org\/{rel}","templated":true}]}}