{"id":2952,"date":"2020-06-07T19:41:27","date_gmt":"2020-06-07T17:41:27","guid":{"rendered":"https:\/\/dev.ferienhaus-feldberg.net\/informations\/"},"modified":"2026-01-18T11:04:27","modified_gmt":"2026-01-18T10:04:27","slug":"informations","status":"publish","type":"page","link":"https:\/\/ferienhaus-feldberg.net\/fr\/informations\/","title":{"rendered":"INFORMATIONS"},"content":{"rendered":"<div class=\"fusion-fullwidth fullwidth-box fusion-builder-row-1 fusion-parallax-none nonhundred-percent-fullwidth non-hundred-percent-height-scrolling\" style=\"--awb-background-position:center bottom;--awb-background-repeat:repeat-x;--awb-border-sizes-top:0px;--awb-border-sizes-bottom:0px;--awb-border-sizes-left:0px;--awb-border-sizes-right:0px;--awb-border-radius-top-left:0px;--awb-border-radius-top-right:0px;--awb-border-radius-bottom-right:0px;--awb-border-radius-bottom-left:0px;--awb-padding-top:0px;--awb-padding-bottom:0px;--awb-margin-top:0px;--awb-margin-bottom:0px;--awb-background-image:url(&quot;https:\/\/ferienhaus-feldberg.net\/wp-content\/uploads\/2020\/02\/chalet.jpg&quot;);--awb-flex-wrap:wrap;\" ><div class=\"fusion-builder-row fusion-row\"><div class=\"fusion-layout-column fusion_builder_column fusion-builder-column-0 fusion_builder_column_1_1 1_1 fusion-one-full fusion-column-first fusion-column-last\" style=\"--awb-bg-position:right bottom;--awb-bg-size:cover;\"><div class=\"fusion-column-wrapper fusion-column-has-shadow fusion-flex-column-wrapper-legacy\"><div class=\"fusion-image-element fusion-image-align-center in-legacy-container\" style=\"text-align:center;--awb-caption-title-font-family:var(--h2_typography-font-family);--awb-caption-title-font-weight:var(--h2_typography-font-weight);--awb-caption-title-font-style:var(--h2_typography-font-style);--awb-caption-title-size:var(--h2_typography-font-size);--awb-caption-title-transform:var(--h2_typography-text-transform);--awb-caption-title-line-height:var(--h2_typography-line-height);--awb-caption-title-letter-spacing:var(--h2_typography-letter-spacing);\"><div class=\"imageframe-align-center\"><span class=\" fusion-imageframe imageframe-none imageframe-1 hover-type-none\"><img decoding=\"async\" width=\"200\" height=\"118\" title=\"logo_or\" src=\"https:\/\/ferienhaus-feldberg.net\/wp-content\/uploads\/2020\/02\/logo_gold-200x118.png\" alt class=\"img-responsive wp-image-2958\" srcset=\"https:\/\/ferienhaus-feldberg.net\/wp-content\/uploads\/2020\/02\/logo_gold-200x118.png 200w, https:\/\/ferienhaus-feldberg.net\/wp-content\/uploads\/2020\/02\/logo_gold.png 380w\" sizes=\"(max-width: 800px) 100vw, 200px\" \/><\/span><\/div><\/div><div class=\"fusion-sep-clear\"><\/div><div class=\"fusion-separator\" style=\"margin-left: auto;margin-right: auto;margin-top:0px;margin-bottom:20px;width:100%;max-width:50px;\"><div class=\"fusion-separator-border sep-single sep-solid\" style=\"--awb-height:20px;--awb-amount:20px;--awb-sep-color:#cbaa5c;border-color:#cbaa5c;border-top-width:0px;\"><\/div><\/div><div class=\"fusion-sep-clear\"><\/div><div class=\"fusion-text fusion-text-1\"><p style=\"letter-spacing: 4px; font-size: 13px; margin-bottom: 0px; text-align: center;\"><span style=\"color: #603813; font-family: var(--h1_typography-font-family); font-size: var(--h1_typography-font-size); font-style: var(--h1_typography-font-style,normal); font-weight: var(--h1_typography-font-weight); letter-spacing: var(--h1_typography-letter-spacing); background-color: rgba(255, 255, 255, 0);\">Ce qu&rsquo;il faut savoir sur la r\u00e9servation de votre maison de vacances et chalet unique en rondins (\u00e0 1300 m) en For\u00eat Noire sur le Feldberg (1493m)<\/span><\/p>\n<\/div><div class=\"fusion-sep-clear\"><\/div><div class=\"fusion-separator\" style=\"margin-left: auto;margin-right: auto;margin-top:0px;margin-bottom:20px;width:100%;max-width:50px;\"><div class=\"fusion-separator-border sep-single sep-solid\" style=\"--awb-height:20px;--awb-amount:20px;--awb-sep-color:#cbaa5c;border-color:#cbaa5c;border-top-width:1px;\"><\/div><\/div><div class=\"fusion-sep-clear\"><\/div><div class=\"fusion-clearfix\"><\/div><\/div><\/div><div class=\"fusion-layout-column fusion_builder_column fusion-builder-column-1 fusion_builder_column_1_1 1_1 fusion-one-full fusion-column-first fusion-column-last\" style=\"--awb-padding-top:45px;--awb-padding-right:45px;--awb-padding-bottom:45px;--awb-padding-left:45px;--awb-bg-color:rgba(203,170,92,0.75);--awb-bg-color-hover:rgba(203,170,92,0.75);--awb-bg-size:cover;--awb-border-color:#cbaa5c;--awb-border-top:2px;--awb-border-right:2px;--awb-border-bottom:2px;--awb-border-left:2px;--awb-border-style:solid;\"><div class=\"fusion-column-wrapper fusion-column-has-shadow fusion-flex-column-wrapper-legacy\"><div class=\"fusion-text fusion-text-2\"><h2 class=\"fusion-responsive-typography-calculated\" style=\"text-align: left; --fontsize: 26; line-height: 1.69;\" data-fontsize=\"26\" data-lineheight=\"43.94px\"><span style=\"color: var(--body_typography-color); font-style: var(--body_typography-font-style,normal); letter-spacing: var(--body_typography-letter-spacing); font-family: Questrial; font-size: 17px;\" data-fusion-font=\"true\">Nous voulons que vos vacances au Feldberg soient inoubliables et que vous ayez envie de les passer. <\/span><span style=\"color: var(--body_typography-color); letter-spacing: var(--body_typography-letter-spacing); font-family: Questrial; font-size: 20px;\" data-fusion-font=\"true\"><span style=\"font-size: 17px;\" data-fusion-font=\"true\">revenir<\/span><\/span><span style=\"color: var(--body_typography-color); font-style: var(--body_typography-font-style,normal); letter-spacing: var(--body_typography-letter-spacing); font-family: Questrial; font-size: 17px;\" data-fusion-font=\"true\">. C&rsquo;est pourquoi nous avons rassembl\u00e9 quelques informations utiles pour faciliter votre r\u00e9servation :<\/span><\/h2>\n<p><span style=\"font-family: Questrial;\"><span style=\"font-size: 17px;\"><b style=\"color: #222222; font-size: 20px;\" data-fusion-font=\"true\">S\u00e9jour minimum, r\u00e9servation, check-in, check-out<\/b><\/span><\/span><\/p>\n<p><span style=\"font-family: Questrial; font-size: 17px; color: #222222; font-style: var(--body_typography-font-style,normal); letter-spacing: var(--body_typography-letter-spacing);\" data-fusion-font=\"true\">Tous les Chalets en bois massif ont un s\u00e9jour minimum de trois nuits.<\/span><span style=\"font-family: Questrial; font-size: 17px; color: var(--body_typography-color); font-style: var(--body_typography-font-style,normal); letter-spacing: var(--body_typography-letter-spacing);\"><span style=\"color: #222222; font-size: 17px;\" data-fusion-font=\"true\">ou cinq nuits \u00e0 certaines p\u00e9riodes.<\/span> <\/span><span style=\"color: var(--body_typography-color); font-family: var(--body_typography-font-family); font-size: var(--body_typography-font-size); font-style: var(--body_typography-font-style,normal); font-weight: var(--body_typography-font-weight); letter-spacing: var(--body_typography-letter-spacing);\"><span style=\"font-size: 17px; color: #222222;\" data-fusion-font=\"true\">Pendant les p\u00e9riodes de vacances, les r\u00e9servations se font uniquement du samedi au samedi. R\u00e9servation minimale : 7<\/span><span style=\"color: #222222; font-size: 17px;\" data-fusion-font=\"true\"> jours <\/span><br \/><\/span><span style=\"color: var(--body_typography-color); font-style: var(--body_typography-font-style,normal); font-weight: var(--body_typography-font-weight); letter-spacing: var(--body_typography-letter-spacing); font-family: Questrial; font-size: 17px;\"><span style=\"color: #222222; font-size: 17px;\" data-fusion-font=\"true\">Sauf si nous avons ce que l&rsquo;on appelle un manque de r\u00e9servation. <\/span><br \/><span style=\"color: #222222; font-size: 17px;\" data-fusion-font=\"true\">Check-in \u00e0 partir de 16 heures, <\/span><br \/><span style=\"color: #222222; font-size: 17px;\" data-fusion-font=\"true\">Check-out avant 10h.<\/span><\/span><\/p>\n<p data-fusion-font=\"true\" data-fusion-google-font=\"Questrial\" data-fusion-google-variant=\"400\"><b><span style=\"color: #222222; font-size: 20px;\" data-fusion-font=\"true\">R\u00e9servations \u00e0 No\u00ebl et au Nouvel An<\/span><span style=\"color: var(--body_typography-color); font-style: var(--body_typography-font-style,normal); letter-spacing: var(--body_typography-letter-spacing); font-family: Questrial; font-size: 17px;\"><br \/><\/span><\/b><\/p>\n<p style=\"font-size: 17px;\" data-fusion-font=\"true\">Les r\u00e9servations pour No\u00ebl et le Nouvel An d\u00e9pendent des vacances scolaires et ont donc des dates d&rsquo;arriv\u00e9e et de d\u00e9part diff\u00e9rentes ! Pour une r\u00e9servation sans erreur ou pour recevoir une offre correcte, il est absolument n\u00e9cessaire de saisir exactement les donn\u00e9es suivantes dans le syst\u00e8me de r\u00e9servation. Veuillez nous contacter pour obtenir les donn\u00e9es correctes.  <b> <\/b><\/p>\n<p style=\"color: #222222; font-size: 20px;\" data-fusion-font=\"true\"><b>Notre conseil de r\u00e9servation :<\/b><\/p>\n<p style=\"font-family: Questrial; font-size: 17px;\" data-fusion-font=\"true\" data-fusion-google-font=\"Questrial\" data-fusion-google-variant=\"400\"><span style=\"color: var(--body_typography-color); font-style: var(--body_typography-font-style,normal); letter-spacing: var(--body_typography-letter-spacing);\">En dehors des vacances scolaires, nous pouvons exceptionnellement vous proposer 2 nuits si le nombre de personnes est suffisant. Si vous souhaitez r\u00e9server un week-end, nous vous recommandons de r\u00e9server \u00e9galement le lundi. Vous pourrez ainsi profiter pleinement de votre dimanche dans votre maison de vacances en For\u00eat-Noire, puis partir en toute flexibilit\u00e9.    <\/span><\/p>\n<p style=\"font-family: Questrial; font-size: 17px;\" data-fusion-font=\"true\" data-fusion-google-font=\"Questrial\" data-fusion-google-variant=\"400\"><span style=\"color: var(--body_typography-color); font-style: var(--body_typography-font-style,normal); letter-spacing: var(--body_typography-letter-spacing);\"><b style=\"font-size: 20px;\" data-fusion-font=\"true\">Nos conditions d&rsquo;annulation<\/b><\/span><\/p>\n<p style=\"font-family: Questrial;\" data-fusion-font=\"true\" data-fusion-google-font=\"Questrial\" data-fusion-google-variant=\"400\"><span style=\"font-size: 17px;\" data-fusion-font=\"true\">Si, contre toute attente, vous ne pouvez pas venir apr\u00e8s avoir effectu\u00e9 une r\u00e9servation, nous lib\u00e9rerons la p\u00e9riode que vous avez r\u00e9serv\u00e9e dans notre calendrier de r\u00e9servation et nous nous efforcerons de vous trouver un autre locataire. Si vous ou nous ne trouvons pas de nouveau locataire, vous devrez malheureusement payer 100% du prix de la r\u00e9servation. (Nous vous recommandons donc de souscrire une assurance annulation).    <\/span><\/p>\n<p style=\"font-family: Questrial;\" data-fusion-font=\"true\" data-fusion-google-font=\"Questrial\" data-fusion-google-variant=\"400\"><b style=\"color: var(--body_typography-color); font-family: var(--body_typography-font-family); font-style: var(--body_typography-font-style,normal); letter-spacing: var(--body_typography-letter-spacing); font-size: 20px;\" data-fusion-font=\"true\">Informations g\u00e9n\u00e9rales sur les prix<\/b><\/p>\n<p><span style=\"font-size: 17px;\" data-fusion-font=\"true\">Les prix d\u00e9pendent d&rsquo;une part des vacances scolaires en Allemagne et dans les pays voisins et d&rsquo;autre part des saisons. Veuillez noter que pendant les p\u00e9riodes de vacances, les r\u00e9servations se font uniquement du samedi au samedi !   <\/span><\/p>\n<p><span style=\"font-size: 17px;\" data-fusion-font=\"true\">\u00c0 No\u00ebl et au Nouvel An, nous sommes complets bien \u00e0 l&rsquo;avance. Nous vous recommandons donc de vous y prendre t\u00f4t et <\/span><u><span style=\"font-size: 17px;\" data-fusion-font=\"true\">\u00e0 temps <\/span><\/u><span style=\"font-size: 17px;\" data-fusion-font=\"true\">de r\u00e9server.<\/span><\/p>\n<p style=\"font-size: 20px;\" data-fusion-font=\"true\"><b>V\u00e9rifier les prix et les disponibilit\u00e9s en ligne<\/b><\/p>\n<p style=\"font-size: 17px;\" data-fusion-font=\"true\">Vous pouvez consulter tous les prix et les disponibilit\u00e9s assez rapidement via notre syst\u00e8me de r\u00e9servation.<\/p>\n<p style=\"font-size: 17px;\" data-fusion-font=\"true\">Vous pouvez le trouver dans le menu sup\u00e9rieur sous R\u00e9server ou vous pouvez le trouver sous le lien suivant :<\/p>\n<p style=\"font-size: 17px;\" data-fusion-font=\"true\"><b><u><a href=\"https:\/\/ferienhaus-feldberg.net\/fr\/reserver\/\"><span style=\"color: #222222;\">www.ferienhaus-feldberg.net\/buchen<\/span><\/a><\/u><\/b><\/p>\n<p style=\"color: #222222; font-size: 20px;\" data-fusion-font=\"true\"><b>Calendrier des r\u00e9servations Maison de vacances For\u00eat-Noire<\/b><\/p>\n<p style=\"font-size: 17px;\" data-fusion-font=\"true\">Notre calendrier de r\u00e9servation est mis \u00e0 jour en temps r\u00e9el et est toujours d&rsquo;actualit\u00e9. Les champs de date marqu\u00e9s en rouge signifient que la location est occup\u00e9e. Les champs de date marqu\u00e9s en vert indiquent que votre maison de vacances souhait\u00e9e en For\u00eat-Noire est encore disponible.  <\/p>\n<p><b style=\"font-size: 20px;\" data-fusion-font=\"true\">Demander en ligne sans engagement, voil\u00e0 comment faire :<\/b><\/p>\n<p style=\"font-size: 17px;\" data-fusion-font=\"true\">Combien co\u00fbte un s\u00e9jour dans nos maisons de vacances en For\u00eat-Noire ? Vous pouvez le consulter sans engagement. <\/p>\n<p style=\"font-size: 17px;\" data-fusion-font=\"true\">Voici comment proc\u00e9der : Indiquez la p\u00e9riode de voyage souhait\u00e9e et le nombre de personnes dans le masque de r\u00e9servation et \u00e9ventuellement d&rsquo;autres prestations souhait\u00e9es. Par exemple, le hot tub. Apr\u00e8s avoir saisi vos donn\u00e9es, vous recevrez imm\u00e9diatement le prix de votre s\u00e9jour dans la maison de vacances de la For\u00eat-Noire. Veuillez noter que pendant les <b>p\u00e9riodes de vacances en Allemagne, les r\u00e9servations se font uniquement du samedi au samedi<\/b>!   <\/p>\n<p style=\"font-size: 20px;\" data-fusion-font=\"true\"><b>R\u00e9server imm\u00e9diatement ou bloquer la maison\/r\u00e9servation pendant 48 heures<\/b><\/p>\n<p style=\"font-size: 17px;\" data-fusion-font=\"true\">Vous connaissez le prix. Vous pouvez maintenant soit r\u00e9server imm\u00e9diatement, soit utiliser notre option de maintien de la r\u00e9servation de la maison de vacances de votre choix pendant 48 heures. Si vous ne r\u00e9servez pas, votre demande de r\u00e9servation sera automatiquement annul\u00e9e apr\u00e8s 48 heures.  <\/p>\n<p><b style=\"font-size: 20px;\" data-fusion-font=\"true\">R\u00e9servation ult\u00e9rieure de personnes<\/b><\/p>\n<p><span style=\"font-size: 17px;\" data-fusion-font=\"true\">Des personnes suppl\u00e9mentaires peuvent \u00eatre r\u00e9serv\u00e9es spontan\u00e9ment jusqu&rsquo;\u00e0 trois jours avant votre arriv\u00e9e. Pour cela, il suffit de nous envoyer un e-mail. <\/span><\/p>\n<p><b><span style=\"font-size: 20px;\" data-fusion-font=\"true\">En ligne<\/span><span style=\"font-size: 20px;\" data-fusion-font=\"true\">Probl\u00e8me de r\u00e9servation<\/span><span style=\"font-size: 20px;\" data-fusion-font=\"true\">? Appelez-nous<\/span><\/b><\/p>\n<p style=\"font-size: 17px;\" data-fusion-font=\"true\">La p\u00e9riode de r\u00e9servation que vous souhaitez est disponible, mais vous rencontrez des probl\u00e8mes lors de la r\u00e9servation en ligne ?<\/p>\n<p style=\"font-size: 17px;\" data-fusion-font=\"true\">Vous avez d&rsquo;autres questions ?<\/p>\n<p style=\"font-size: 17px;\" data-fusion-font=\"true\">Contactez-nous par t\u00e9l\u00e9phone au 0178 588 0 572 ou envoyez-nous un e-mail via notre formulaire de contact. Nous vous r\u00e9pondrons dans les plus brefs d\u00e9lais. <\/p>\n<p><b style=\"font-size: 20px;\" data-fusion-font=\"true\">Passez des vacances inoubliables<\/b><\/p>\n<p style=\"font-size: 17px;\" data-fusion-font=\"true\">De nombreuses commodit\u00e9s et surprises vous attendent, vous et vos enfants, pour rendre vos vacances chez nous inoubliables.<\/p>\n<p style=\"font-size: 17px;\" data-fusion-font=\"true\">Nous nous r\u00e9jouissons de vous accueillir bient\u00f4t dans l&rsquo;une des maisons de vacances les plus hautes du Bade-Wurtemberg et de la For\u00eat-Noire, sur le Feldberg.<\/p>\n<p><span style=\"color: var(--body_typography-color); font-family: Questrial; font-size: 17px; letter-spacing: var(--body_typography-letter-spacing);\" data-fusion-font=\"true\" data-fusion-google-font=\"Questrial\" data-fusion-google-variant=\"400\"><b>Votre Christopher Schneider<br \/><\/b><\/span><b style=\"color: var(--body_typography-color); font-family: Questrial; font-size: 17px; letter-spacing: var(--body_typography-letter-spacing); font-style: var(--body_typography-font-style,normal);\">Blockhaus-Chalet GmbH<\/b><\/p>\n<\/div><div class=\"fusion-clearfix\"><\/div><\/div><\/div><div class=\"fusion-layout-column fusion_builder_column fusion-builder-column-2 fusion_builder_column_1_2 1_2 fusion-one-half fusion-column-first\" style=\"--awb-padding-top:45px;--awb-padding-right:45px;--awb-padding-bottom:45px;--awb-padding-left:45px;--awb-bg-color:rgba(255,255,255,0.85);--awb-bg-color-hover:rgba(255,255,255,0.85);--awb-bg-size:cover;--awb-border-color:#cbaa5c;--awb-border-top:2px;--awb-border-right:2px;--awb-border-bottom:2px;--awb-border-left:2px;--awb-border-style:solid;\"><div class=\"fusion-column-wrapper fusion-column-has-shadow fusion-flex-column-wrapper-legacy\"><div class=\"fusion-text fusion-text-3\"><h2 class=\"\" style=\"--fontsize: 26; line-height: 1.69;\" data-fontsize=\"26\" data-lineheight=\"43.94px\"><span style=\"color: #603813;\">Chez nous, les services suivants sont inclus :  <\/span><\/h2>\n<p>sauna priv\u00e9 en rondins, WLAN, SKY TV, Playstation 5 avec jeux, baby-foot, jeu de fl\u00e9chettes \u00e9lectronique, divers jeux de soci\u00e9t\u00e9, bois de chemin\u00e9e, draps, serviettes, serviettes de bain, torchons, peignoirs, 300gr de caf\u00e9 en grains, \u00e9pices, frais d&rsquo;\u00e9nergie, eau, papier toilette, essuie-tout, savon, liquide vaisselle, pastilles pour lave-vaisselle, film alimentaire, papier sulfuris\u00e9, papier aluminium, divers ustensiles de cuisine, ainsi que le d\u00e9neigement en hiver et la Konuscard (gratuite en bus et en train).  <\/p>\n<\/div><div class=\"fusion-sep-clear\"><\/div><div class=\"fusion-separator fusion-full-width-sep\" style=\"margin-left: auto;margin-right: auto;margin-top:25px;margin-bottom:25px;width:100%;\"><div class=\"fusion-separator-border sep-single sep-solid\" style=\"--awb-height:20px;--awb-amount:20px;--awb-sep-color:#cbaa5c;border-color:#cbaa5c;border-top-width:2px;\"><\/div><\/div><div class=\"fusion-sep-clear\"><\/div><div class=\"fusion-text fusion-text-4\"><h2 class=\"fusion-responsive-typography-calculated\" style=\"--fontsize: 26; line-height: 1.69; --fontSize: 26;\" data-fontsize=\"26\" data-lineheight=\"43.94px\"><span style=\"color: #603813;\">Frais suppl\u00e9mentaires :  <\/span><\/h2>\n<p class=\"span7\">Le nettoyage final est d\u00e9j\u00e0 inclus dans le prix de l&rsquo;offre.<\/p>\n<\/div><div class=\"fusion-text fusion-text-5\"><\/div><div class=\"fusion-clearfix\"><\/div><\/div><\/div><div class=\"fusion-layout-column fusion_builder_column fusion-builder-column-3 fusion_builder_column_1_2 1_2 fusion-one-half fusion-column-last\" style=\"--awb-padding-top:45px;--awb-padding-right:45px;--awb-padding-bottom:45px;--awb-padding-left:45px;--awb-bg-color:rgba(96,56,19,0.75);--awb-bg-color-hover:rgba(96,56,19,0.75);--awb-bg-size:cover;--awb-border-color:#cbaa5c;--awb-border-top:2px;--awb-border-right:2px;--awb-border-bottom:2px;--awb-border-left:2px;--awb-border-style:solid;\"><div class=\"fusion-column-wrapper fusion-column-has-shadow fusion-flex-column-wrapper-legacy\"><div class=\"fusion-text fusion-text-6\"><h2 class=\"\" style=\"--fontsize: 26; line-height: 1.69;\" data-fontsize=\"26\" data-lineheight=\"43.94px\"><span style=\"color: #603813;\"><span style=\"color: #cbaa5c;\">Notre point fort :<br \/>Le hot-tub ext\u00e9rieur \u00e0 l&rsquo;eau de source<\/span><br \/><\/span><\/h2>\n<p><span style=\"color: #f4f4f4; font-family: var(--body_typography-font-family); font-size: var(--body_typography-font-size); font-style: var(--body_typography-font-style,normal); font-weight: var(--body_typography-font-weight); letter-spacing: var(--body_typography-letter-spacing);\">Exp\u00e9rience unique en \u00e9t\u00e9 et en hiver, forfait de 250 euros par s\u00e9jour (bois de chauffage et eau de source inclus), d\u00e9tendez-vous dans votre hot-tub priv\u00e9, assis dans l&rsquo;eau chaude, sous les \u00e9toiles, pendant les douces nuits d&rsquo;\u00e9t\u00e9 ou les froides soir\u00e9es d&rsquo;hiver enneig\u00e9es. Le bien-\u00eatre \u00e0 l&rsquo;\u00e9tat pur, en plus du sauna, ou tout simplement le plaisir de la baignade pour les enfants !   <\/span><\/p>\n<p><span style=\"color: #f4f4f4; font-family: var(--body_typography-font-family); font-size: var(--body_typography-font-size); font-style: var(--body_typography-font-style,normal); font-weight: var(--body_typography-font-weight); letter-spacing: var(--body_typography-letter-spacing);\">Chaque chalet en rondins poss\u00e8de son propre hot-tub priv\u00e9. Il peut accueillir jusqu&rsquo;\u00e0 6 personnes. <\/span><\/p>\n<\/div><div class=\"fusion-sep-clear\"><\/div><div class=\"fusion-separator fusion-full-width-sep\" style=\"margin-left: auto;margin-right: auto;margin-top:25px;margin-bottom:25px;width:100%;\"><div class=\"fusion-separator-border sep-single sep-solid\" style=\"--awb-height:20px;--awb-amount:20px;--awb-sep-color:#cbaa5c;border-color:#cbaa5c;border-top-width:2px;\"><\/div><\/div><div class=\"fusion-sep-clear\"><\/div><div class=\"fusion-text fusion-text-7\"><h2 class=\"\" style=\"--fontsize: 26; line-height: 1.69;\" data-fontsize=\"26\" data-lineheight=\"43.94px\"><\/h2>\n<\/div><div class=\"fusion-clearfix\"><\/div><\/div><\/div><div class=\"fusion-layout-column fusion_builder_column fusion-builder-column-4 fusion_builder_column_1_1 1_1 fusion-one-full fusion-column-first fusion-column-last\" style=\"--awb-bg-size:cover;\"><div class=\"fusion-column-wrapper fusion-column-has-shadow fusion-flex-column-wrapper-legacy\"><div class=\"fusion-sep-clear\"><\/div><div class=\"fusion-separator fusion-full-width-sep\" style=\"margin-left: auto;margin-right: auto;margin-top:80px;width:100%;\"><\/div><div class=\"fusion-sep-clear\"><\/div><div class=\"fusion-clearfix\"><\/div><\/div><\/div><\/div><\/div>\n","protected":false},"excerpt":{"rendered":"","protected":false},"author":1,"featured_media":0,"parent":0,"menu_order":0,"comment_status":"open","ping_status":"open","template":"100-width.php","meta":{"footnotes":"","_wp_rev_ctl_limit":""},"class_list":["post-2952","page","type-page","status-publish","hentry"],"yoast_head":"<!-- This site is optimized with the Yoast SEO plugin v26.6 - https:\/\/yoast.com\/wordpress\/plugins\/seo\/ -->\n<title>Tarifs Maison de vacances For\u00eat Noire, Chalets en bois massif avec \u00e9quipement de luxe<\/title>\n<meta name=\"description\" content=\"R\u00e9servez vos vacances en For\u00eat-Noire maintenant. Derni\u00e8re minute, basse saison, haute saison au sommet de la For\u00eat Noire. Maison de vacances Feldberg, Maison de vacances For\u00eat-Noire, Maison de vacances Bergblick\" \/>\n<meta name=\"robots\" content=\"index, follow, max-snippet:-1, max-image-preview:large, max-video-preview:-1\" \/>\n<link rel=\"canonical\" href=\"https:\/\/ferienhaus-feldberg.net\/fr\/informations\/\" \/>\n<meta property=\"og:locale\" content=\"fr_FR\" \/>\n<meta property=\"og:type\" content=\"article\" \/>\n<meta property=\"og:title\" content=\"Tarifs Maison de vacances For\u00eat Noire, Chalets en bois massif avec \u00e9quipement de luxe\" \/>\n<meta property=\"og:description\" content=\"R\u00e9servez vos vacances en For\u00eat-Noire maintenant. Derni\u00e8re minute, basse saison, haute saison au sommet de la For\u00eat Noire. Maison de vacances Feldberg, Maison de vacances For\u00eat-Noire, Maison de vacances Bergblick\" \/>\n<meta property=\"og:url\" content=\"https:\/\/ferienhaus-feldberg.net\/fr\/informations\/\" \/>\n<meta property=\"og:site_name\" content=\"Schwarzwald Ferienhaus auf dem Feldberg\" \/>\n<meta property=\"article:modified_time\" content=\"2026-01-18T10:04:27+00:00\" \/>\n<meta name=\"twitter:card\" content=\"summary_large_image\" \/>\n<script type=\"application\/ld+json\" class=\"yoast-schema-graph\">{\"@context\":\"https:\/\/schema.org\",\"@graph\":[{\"@type\":\"WebPage\",\"@id\":\"https:\/\/ferienhaus-feldberg.net\/fr\/informations\/\",\"url\":\"https:\/\/ferienhaus-feldberg.net\/fr\/informations\/\",\"name\":\"Tarifs Maison de vacances For\u00eat Noire, Chalets en bois massif avec \u00e9quipement de luxe\",\"isPartOf\":{\"@id\":\"https:\/\/ferienhaus-feldberg.net\/fr\/#website\"},\"datePublished\":\"2020-06-07T17:41:27+00:00\",\"dateModified\":\"2026-01-18T10:04:27+00:00\",\"description\":\"R\u00e9servez vos vacances en For\u00eat-Noire maintenant. Derni\u00e8re minute, basse saison, haute saison au sommet de la For\u00eat Noire. Maison de vacances Feldberg, Maison de vacances For\u00eat-Noire, Maison de vacances Bergblick\",\"breadcrumb\":{\"@id\":\"https:\/\/ferienhaus-feldberg.net\/fr\/informations\/#breadcrumb\"},\"inLanguage\":\"fr-FR\",\"potentialAction\":[{\"@type\":\"ReadAction\",\"target\":[\"https:\/\/ferienhaus-feldberg.net\/fr\/informations\/\"]}]},{\"@type\":\"BreadcrumbList\",\"@id\":\"https:\/\/ferienhaus-feldberg.net\/fr\/informations\/#breadcrumb\",\"itemListElement\":[{\"@type\":\"ListItem\",\"position\":1,\"name\":\"Startseite\",\"item\":\"https:\/\/ferienhaus-feldberg.net\/fr\/accueil\/\"},{\"@type\":\"ListItem\",\"position\":2,\"name\":\"INFORMATIONS\"}]},{\"@type\":\"WebSite\",\"@id\":\"https:\/\/ferienhaus-feldberg.net\/fr\/#website\",\"url\":\"https:\/\/ferienhaus-feldberg.net\/fr\/\",\"name\":\"Schwarzwald Ferienhaus auf dem Feldberg\",\"description\":\"Das einzigartige Ferienhaus im Schwarzwald auf dem Feldberg\",\"publisher\":{\"@id\":\"https:\/\/ferienhaus-feldberg.net\/fr\/#organization\"},\"potentialAction\":[{\"@type\":\"SearchAction\",\"target\":{\"@type\":\"EntryPoint\",\"urlTemplate\":\"https:\/\/ferienhaus-feldberg.net\/fr\/?s={search_term_string}\"},\"query-input\":{\"@type\":\"PropertyValueSpecification\",\"valueRequired\":true,\"valueName\":\"search_term_string\"}}],\"inLanguage\":\"fr-FR\"},{\"@type\":\"Organization\",\"@id\":\"https:\/\/ferienhaus-feldberg.net\/fr\/#organization\",\"name\":\"Blockhaus-Chalet GmbH\",\"url\":\"https:\/\/ferienhaus-feldberg.net\/fr\/\",\"logo\":{\"@type\":\"ImageObject\",\"inLanguage\":\"fr-FR\",\"@id\":\"https:\/\/ferienhaus-feldberg.net\/fr\/#\/schema\/logo\/image\/\",\"url\":\"https:\/\/ferienhaus-feldberg.net\/wp-content\/uploads\/2020\/01\/blockhaus-chalet_logo_retina.png\",\"contentUrl\":\"https:\/\/ferienhaus-feldberg.net\/wp-content\/uploads\/2020\/01\/blockhaus-chalet_logo_retina.png\",\"width\":400,\"height\":231,\"caption\":\"Blockhaus-Chalet GmbH\"},\"image\":{\"@id\":\"https:\/\/ferienhaus-feldberg.net\/fr\/#\/schema\/logo\/image\/\"}}]}<\/script>\n<!-- \/ Yoast SEO plugin. -->","yoast_head_json":{"title":"Tarifs Maison de vacances For\u00eat Noire, Chalets en bois massif avec \u00e9quipement de luxe","description":"R\u00e9servez vos vacances en For\u00eat-Noire maintenant. Derni\u00e8re minute, basse saison, haute saison au sommet de la For\u00eat Noire. Maison de vacances Feldberg, Maison de vacances For\u00eat-Noire, Maison de vacances Bergblick","robots":{"index":"index","follow":"follow","max-snippet":"max-snippet:-1","max-image-preview":"max-image-preview:large","max-video-preview":"max-video-preview:-1"},"canonical":"https:\/\/ferienhaus-feldberg.net\/fr\/informations\/","og_locale":"fr_FR","og_type":"article","og_title":"Tarifs Maison de vacances For\u00eat Noire, Chalets en bois massif avec \u00e9quipement de luxe","og_description":"R\u00e9servez vos vacances en For\u00eat-Noire maintenant. Derni\u00e8re minute, basse saison, haute saison au sommet de la For\u00eat Noire. Maison de vacances Feldberg, Maison de vacances For\u00eat-Noire, Maison de vacances Bergblick","og_url":"https:\/\/ferienhaus-feldberg.net\/fr\/informations\/","og_site_name":"Schwarzwald Ferienhaus auf dem Feldberg","article_modified_time":"2026-01-18T10:04:27+00:00","twitter_card":"summary_large_image","schema":{"@context":"https:\/\/schema.org","@graph":[{"@type":"WebPage","@id":"https:\/\/ferienhaus-feldberg.net\/fr\/informations\/","url":"https:\/\/ferienhaus-feldberg.net\/fr\/informations\/","name":"Tarifs Maison de vacances For\u00eat Noire, Chalets en bois massif avec \u00e9quipement de luxe","isPartOf":{"@id":"https:\/\/ferienhaus-feldberg.net\/fr\/#website"},"datePublished":"2020-06-07T17:41:27+00:00","dateModified":"2026-01-18T10:04:27+00:00","description":"R\u00e9servez vos vacances en For\u00eat-Noire maintenant. Derni\u00e8re minute, basse saison, haute saison au sommet de la For\u00eat Noire. Maison de vacances Feldberg, Maison de vacances For\u00eat-Noire, Maison de vacances Bergblick","breadcrumb":{"@id":"https:\/\/ferienhaus-feldberg.net\/fr\/informations\/#breadcrumb"},"inLanguage":"fr-FR","potentialAction":[{"@type":"ReadAction","target":["https:\/\/ferienhaus-feldberg.net\/fr\/informations\/"]}]},{"@type":"BreadcrumbList","@id":"https:\/\/ferienhaus-feldberg.net\/fr\/informations\/#breadcrumb","itemListElement":[{"@type":"ListItem","position":1,"name":"Startseite","item":"https:\/\/ferienhaus-feldberg.net\/fr\/accueil\/"},{"@type":"ListItem","position":2,"name":"INFORMATIONS"}]},{"@type":"WebSite","@id":"https:\/\/ferienhaus-feldberg.net\/fr\/#website","url":"https:\/\/ferienhaus-feldberg.net\/fr\/","name":"Schwarzwald Ferienhaus auf dem Feldberg","description":"Das einzigartige Ferienhaus im Schwarzwald auf dem Feldberg","publisher":{"@id":"https:\/\/ferienhaus-feldberg.net\/fr\/#organization"},"potentialAction":[{"@type":"SearchAction","target":{"@type":"EntryPoint","urlTemplate":"https:\/\/ferienhaus-feldberg.net\/fr\/?s={search_term_string}"},"query-input":{"@type":"PropertyValueSpecification","valueRequired":true,"valueName":"search_term_string"}}],"inLanguage":"fr-FR"},{"@type":"Organization","@id":"https:\/\/ferienhaus-feldberg.net\/fr\/#organization","name":"Blockhaus-Chalet GmbH","url":"https:\/\/ferienhaus-feldberg.net\/fr\/","logo":{"@type":"ImageObject","inLanguage":"fr-FR","@id":"https:\/\/ferienhaus-feldberg.net\/fr\/#\/schema\/logo\/image\/","url":"https:\/\/ferienhaus-feldberg.net\/wp-content\/uploads\/2020\/01\/blockhaus-chalet_logo_retina.png","contentUrl":"https:\/\/ferienhaus-feldberg.net\/wp-content\/uploads\/2020\/01\/blockhaus-chalet_logo_retina.png","width":400,"height":231,"caption":"Blockhaus-Chalet GmbH"},"image":{"@id":"https:\/\/ferienhaus-feldberg.net\/fr\/#\/schema\/logo\/image\/"}}]}},"amp_enabled":false,"_links":{"self":[{"href":"https:\/\/ferienhaus-feldberg.net\/fr\/wp-json\/wp\/v2\/pages\/2952","targetHints":{"allow":["GET"]}}],"collection":[{"href":"https:\/\/ferienhaus-feldberg.net\/fr\/wp-json\/wp\/v2\/pages"}],"about":[{"href":"https:\/\/ferienhaus-feldberg.net\/fr\/wp-json\/wp\/v2\/types\/page"}],"author":[{"embeddable":true,"href":"https:\/\/ferienhaus-feldberg.net\/fr\/wp-json\/wp\/v2\/users\/1"}],"replies":[{"embeddable":true,"href":"https:\/\/ferienhaus-feldberg.net\/fr\/wp-json\/wp\/v2\/comments?post=2952"}],"version-history":[{"count":5,"href":"https:\/\/ferienhaus-feldberg.net\/fr\/wp-json\/wp\/v2\/pages\/2952\/revisions"}],"predecessor-version":[{"id":4927,"href":"https:\/\/ferienhaus-feldberg.net\/fr\/wp-json\/wp\/v2\/pages\/2952\/revisions\/4927"}],"wp:attachment":[{"href":"https:\/\/ferienhaus-feldberg.net\/fr\/wp-json\/wp\/v2\/media?parent=2952"}],"curies":[{"name":"wp","href":"https:\/\/api.w.org\/{rel}","templated":true}]}}